{"id":781,"date":"2021-01-05T11:20:59","date_gmt":"2021-01-05T11:20:59","guid":{"rendered":"http:\/\/neu.berlin-communication.de\/maike-grabowski\/"},"modified":"2021-04-02T15:25:47","modified_gmt":"2021-04-02T15:25:47","slug":"maike-grabowski","status":"publish","type":"page","link":"https:\/\/www.berlin-communication.de\/fr\/maike-grabowski\/","title":{"rendered":"Maike Grabowski"},"content":{"rendered":"<p>[et_pb_section fb_built=\u201c1\u201d _builder_version=\u201c4.7.7\u201d _module_preset=\u201cdefault\u201d background_color=\u201c#f7f7f7\u201d locked=\u201coff\u201d][et_pb_row column_structure=\u201c1_5,3_5,1_5\u201d disabled_on=\u201coff|off|off\u201d module_class=\u201cbtn-inline\u201d _builder_version=\u201c4.7.7\u201d _module_preset=\u201cdefault\u201d width=\u201c100%\u201d custom_margin=\u201d||-35px||false|false\u201d custom_margin_tablet=\u201d||||false|false\u201d custom_margin_phone=\u201d||||false|false\u201d custom_margin_last_edited=\u201con|phone\u201d][et_pb_column type=\u201c1_5\u201d _builder_version=\u201c4.6.1\u201d _module_preset=\u201cdefault\u201d][\/et_pb_column][et_pb_column type=\u201c3_5\u201d _builder_version=\u201c4.7.7\u201d _module_preset=\u201cdefault\u201d custom_padding_tablet=\u201d|100px||100px|false|false\u201d custom_padding_phone=\u201d|15px||15px|false|false\u201d custom_padding_last_edited=\u201con|phone\u201d][et_pb_text _builder_version=\u201c4.7.7\u201d _module_preset=\u201cdefault\u201d text_font_size=\u201c18px\u201d text_line_height=\u201c1.5em\u201d header_font=\u201cMontserrat|600|||||||\u201d header_text_color=\u201c#1a3f69\u201d header_font_size=\u201c25px\u201d header_line_height=\u201c1.2em\u201d header_2_font=\u201cMontserrat||||||||\u201d header_2_text_color=\u201c#1a3f69\u201d header_2_font_size=\u201c36px\u201d header_2_font_tablet=\u201d\u201d header_2_font_phone=\u201d\u201d header_2_font_last_edited=\u201con|phone\u201d]<\/p>\n<h2>Maike Grabowski<\/h2>\n<p>[\/et_pb_text][et_pb_text _builder_version=\u201c4.7.7\u201d _module_preset=\u201cdefault\u201d text_font_size=\u201c18px\u201d text_line_height=\u201c1.5em\u201d header_font=\u201cRoboto||||||||\u201d header_text_color=\u201c#444444\u201d header_font_size=\u201c19px\u201d header_line_height=\u201c1.4em\u201d]<\/p>\n<h1>Interpr\u00e8te de conf\u00e9rence et traductrice<\/h1>\n<p>[\/et_pb_text][et_pb_text _builder_version=\u201c4.7.7\u201d _module_preset=\u201cdefault\u201d text_font_size=\u201c17px\u201d text_line_height=\u201c1.5em\u201d header_font=\u201cRoboto|300|||||||\u201d header_text_color=\u201c#444444\u201d header_font_size=\u201c19px\u201d header_line_height=\u201c1.4em\u201d custom_margin=\u201d-40px||50px||false|false\u201d custom_padding=\u201c0px||||false|false\u201d]<\/p>\n<h1>Allemand \u2014 anglais \u2014 fran\u00e7ais<\/h1>\n<p>[\/et_pb_text][et_pb_text _builder_version=\u201c4.7.7\u201d _module_preset=\u201cdefault\u201d text_font=\u201cRoboto||||||||\u201d text_text_color=\u201c#444444\u201d text_font_size=\u201c18px\u201d text_line_height=\u201c1.5em\u201d header_font=\u201cEsteban|700|||||||\u201d header_text_color=\u201c#444444\u201d header_font_size=\u201c19px\u201d header_line_height=\u201c1.4em\u201d]<\/p>\n<p>Domaines de sp\u00e9cialisation&nbsp;:<\/p>\n<p>[\/et_pb_text][et_pb_text ul_type=\u201csquare\u201d _builder_version=\u201c4.7.7\u201d _module_preset=\u201cdefault\u201d text_font=\u201cRoboto|300|||||||\u201d text_text_color=\u201c#444444\u201d text_font_size=\u201c17px\u201d text_line_height=\u201c1.5em\u201d header_font=\u201cEsteban|600|||||||\u201d header_text_color=\u201c#1a3f69\u201d header_font_size=\u201c19px\u201d header_line_height=\u201c1.2em\u201d custom_margin=\u201d-20px||||false|false\u201d]<\/p>\n<ul>\n<li><strong>Politique :<\/strong> poli\u00adtique \u00e9tran\u00adg\u00e8\u00adre et de s\u00e9cu\u00adri\u00adt\u00e9, rela\u00adti\u00adons inter\u00adna\u00adtio\u00adna\u00adles, Union euro\u00adp\u00e9\u00aden\u00adne, mar\u00adch\u00e9 du tra\u00advail, coop\u00e9\u00adra\u00adti\u00adon au d\u00e9ve\u00adlo\u00adp\u00adpe\u00adment, poli\u00adtique tarifaire<\/li>\n<li><strong>\u00c9conomie :<\/strong> ges\u00adti\u00adon des res\u00adsour\u00adces humain\u00ades, cul\u00adtu\u00adre de l\u2019entre\u00adpri\u00adse, con\u00adfor\u00admi\u00adt\u00e9, sec\u00adteur publi\u00adci\u00adtaire, tourisme<\/li>\n<li><strong>M\u00e9decine :<\/strong> phar\u00admacie, tech\u00adni\u00adque m\u00e9di\u00adcale, san\u00adt\u00e9 publique<\/li>\n<li><strong>Environnement et \u00e9ner\u00adgie :<\/strong> \u00e9ner\u00adgies renou\u00advel\u00adables, effi\u00adca\u00adci\u00adt\u00e9 \u00e9ner\u00adg\u00e9\u00adtique, mobi\u00adli\u00adt\u00e9 \u00e9lec\u00adtri\u00adque, urba\u00adnis\u00adme, agri\u00adcul\u00adtu\u00adre, car\u00adbu\u00adrants verts, chan\u00adge\u00adment climatique<\/li>\n<li><strong>\u00c9ducation et affai\u00adres socia\u00adles :<\/strong> ens\u00adeig\u00adne\u00adment sup\u00e9\u00adri\u00adeur, \u00e9du\u00adca\u00adti\u00adon pr\u00e9\u00adco\u00adce, \u00e9ga\u00adli\u00adt\u00e9 des&nbsp;sexes<\/li>\n<\/ul>\n<p>[\/et_pb_text][\/et_pb_column][et_pb_column type=\u201c1_5\u201d _builder_version=\u201c4.6.1\u201d _module_preset=\u201cdefault\u201d][\/et_pb_column][\/et_pb_row][\/et_pb_section][et_pb_section fb_built=\u201c1\u201d disabled_on=\u201con|on|off\u201d _builder_version=\u201c4.7.7\u201d _module_preset=\u201cdefault\u201d background_color=\u201c#f7f7f7\u201d custom_margin=\u201d||||false|false\u201d custom_padding=\u201c0px||0px||false|false\u201d][et_pb_row column_structure=\u201c1_5,1_5,3_5\u201d use_custom_gutter=\u201con\u201d gutter_width=\u201c1\u201d make_equal=\u201con\u201d _builder_version=\u201c4.7.7\u201d _module_preset=\u201cdefault\u201d width=\u201c100%\u201d max_width=\u201c100%\u201d custom_css_main_element=\u201cheight: 500px;\u201d][et_pb_column type=\u201c1_5\u201d _builder_version=\u201c4.6.1\u201d _module_preset=\u201cdefault\u201d background_color=\u201c#1a3f69\u201d background_enable_image=\u201coff\u201d][\/et_pb_column][et_pb_column type=\u201c1_5\u201d _builder_version=\u201c4.7.7\u201d _module_preset=\u201cdefault\u201d background_color=\u201c#1a3f69\u201d background_enable_image=\u201coff\u201d custom_padding=\u201d|||0px|false|false\u201d][et_pb_text _builder_version=\u201c4.7.7\u201d _module_preset=\u201cdefault\u201d text_text_color=\u201d#ffffff\u201d text_font_size=\u201c18px\u201d text_line_height=\u201c1.5em\u201d header_font=\u201cMontserrat||||||||\u201d header_text_color=\u201d#ffffff\u201d header_font_size=\u201c19px\u201d header_line_height=\u201c1.4em\u201d custom_margin=\u201c200px|||-70px|false|false\u201d locked=\u201coff\u201d]<\/p>\n<h1>Maike Grabowski<\/h1>\n<p>[\/et_pb_text][et_pb_text _builder_version=\u201c4.7.7\u201d _module_preset=\u201cdefault\u201d text_font=\u201cRoboto|300|||||||\u201d text_text_color=\u201d#ffffff\u201d link_text_color=\u201d#ffffff\u201d custom_margin=\u201d|||-70px|false|false\u201d custom_padding=\u201d||||false|false\u201d]<\/p>\n<p>Telefon:&nbsp; &nbsp;+49 (0)30 85 40 79 65<br>Mobil:&nbsp; &nbsp; &nbsp; +49 (0)173 314 05&nbsp;27<\/p>\n<p>[\/et_pb_text][et_pb_button button_url=\u201cmailto:m.grabowski@berlin-communication.de\u201d button_text=\u201c\u00c9crire un e\u2011mail\u201d _builder_version=\u201c4.7.7\u201d _module_preset=\u201cdefault\u201d custom_button=\u201con\u201d button_text_size=\u201c15px\u201d button_border_width=\u201c1px\u201d button_border_color=\u201d#ffffff\u201d button_border_radius=\u201c0px\u201d button_font=\u201cMontserrat|300|||||||\u201d button_use_icon=\u201coff\u201d background_layout=\u201cdark\u201d custom_margin=\u201c22px|||-70px|false|false\u201d custom_padding=\u201c4px||||false|false\u201d locked=\u201coff\u201d][\/et_pb_button][\/et_pb_column][et_pb_column type=\u201c3_5\u201d _builder_version=\u201c4.7.7\u201d _module_preset=\u201cdefault\u201d background_color=\u201d#dbdbdb\u201d background_image=\u201chttps:\/\/www.berlin-communication.de\/wp-content\/uploads\/2021\/01\/Maike-Grabowski\u20111.jpg\u201d][\/et_pb_column][\/et_pb_row][\/et_pb_section][et_pb_section fb_built=\u201c1\u201d disabled_on=\u201coff|off|on\u201d admin_label=\u201cBild mobil\u201d _builder_version=\u201c4.7.7\u201d _module_preset=\u201cdefault\u201d background_color=\u201c#f7f7f7\u201d custom_margin=\u201d||||false|false\u201d custom_padding=\u201c0px||0px||false|false\u201d][et_pb_row use_custom_gutter=\u201con\u201d gutter_width=\u201c1\u201d make_equal=\u201con\u201d _builder_version=\u201c4.7.7\u201d _module_preset=\u201cdefault\u201d width=\u201c100%\u201d max_width=\u201c100%\u201d][et_pb_column type=\u201c4_4\u201d _builder_version=\u201c4.7.7\u201d _module_preset=\u201cdefault\u201d background_color=\u201c#1a3f69\u201d background_enable_image=\u201coff\u201d custom_padding=\u201d||||false|false\u201d][et_pb_image src=\u201chttps:\/\/www.berlin-communication.de\/wp-content\/uploads\/2021\/01\/Maike-Grabowski\u20111.jpg\u201d title_text=\u201cMaike-Grabowski\u201d _builder_version=\u201c4.7.7\u201d _module_preset=\u201cdefault\u201d][\/et_pb_image][et_pb_text _builder_version=\u201c4.7.7\u201d _module_preset=\u201cdefault\u201d text_text_color=\u201d#ffffff\u201d text_font_size=\u201c18px\u201d text_line_height=\u201c1.5em\u201d header_font=\u201cMontserrat||||||||\u201d header_text_color=\u201d#ffffff\u201d header_font_size=\u201c19px\u201d header_line_height=\u201c1.4em\u201d text_orientation=\u201ccenter\u201d custom_margin=\u201d|||15px|false|false\u201d custom_margin_tablet=\u201d||||false|false\u201d custom_margin_phone=\u201d||||false|false\u201d custom_margin_last_edited=\u201con|phone\u201d custom_padding=\u201c15px||||false|false\u201d locked=\u201coff\u201d]<\/p>\n<h1>Maike Grabowski<\/h1>\n<p>[\/et_pb_text][et_pb_text _builder_version=\u201c4.7.7\u201d _module_preset=\u201cdefault\u201d text_font=\u201cRoboto|300|||||||\u201d text_text_color=\u201d#ffffff\u201d link_text_color=\u201d#ffffff\u201d text_orientation=\u201ccenter\u201d custom_margin=\u201d||||false|false\u201d custom_margin_tablet=\u201d||||false|false\u201d custom_margin_phone=\u201d||||false|false\u201d custom_margin_last_edited=\u201con|desktop\u201d custom_padding=\u201d||||false|false\u201d]<\/p>\n<p style=\"text-align: center;\">Telefon:&nbsp; &nbsp;+49 (0)30 85 40 79 65<br>Mobil:&nbsp; &nbsp; &nbsp; +49 (0)173 314 05&nbsp;27<\/p>\n<p>[\/et_pb_text][et_pb_button button_url=\u201cmailto:m.grabowski@berlin-communication.de\u201d button_text=\u201c\u00c9crire un e\u2011mail\u201d button_alignment=\u201ccenter\u201d _builder_version=\u201c4.7.7\u201d _module_preset=\u201cdefault\u201d custom_button=\u201con\u201d button_text_size=\u201c15px\u201d button_border_width=\u201c1px\u201d button_border_color=\u201d#ffffff\u201d button_border_radius=\u201c0px\u201d button_font=\u201cMontserrat|300|||||||\u201d button_use_icon=\u201coff\u201d background_layout=\u201cdark\u201d custom_margin=\u201c22px||15px|15px|false|false\u201d custom_margin_tablet=\u201d||||false|false\u201d custom_margin_phone=\u201d||||false|false\u201d custom_margin_last_edited=\u201con|phone\u201d custom_padding=\u201c4px||||false|false\u201d locked=\u201coff\u201d][\/et_pb_button][\/et_pb_column][\/et_pb_row][\/et_pb_section][et_pb_section fb_built=\u201c1\u201d _builder_version=\u201c4.7.7\u201d _module_preset=\u201cdefault\u201d background_color=\u201c#f7f7f7\u201d custom_margin=\u201d||||false|false\u201d custom_margin_tablet=\u201c0px||||false|false\u201d custom_margin_phone=\u201d\u201d custom_margin_last_edited=\u201con|phone\u201d locked=\u201coff\u201d][et_pb_row column_structure=\u201c1_5,3_5,1_5\u201d module_class=\u201cbtn-inline\u201d _builder_version=\u201c4.7.7\u201d _module_preset=\u201cdefault\u201d width=\u201c100%\u201d custom_margin=\u201d||-35px||false|false\u201d custom_padding=\u201c0px||||false|false\u201d][et_pb_column type=\u201c1_5\u201d _builder_version=\u201c4.6.1\u201d _module_preset=\u201cdefault\u201d][\/et_pb_column][et_pb_column type=\u201c3_5\u201d _builder_version=\u201c4.7.7\u201d _module_preset=\u201cdefault\u201d custom_padding=\u201d||||false|false\u201d custom_padding_tablet=\u201d|100px||100px|false|false\u201d custom_padding_phone=\u201d|15px||15px|false|false\u201d custom_padding_last_edited=\u201con|phone\u201d][et_pb_text ul_type=\u201csquare\u201d _builder_version=\u201c4.6.1\u201d _module_preset=\u201cdefault\u201d text_font=\u201cRoboto|300|||||||\u201d text_text_color=\u201c#444444\u201d text_font_size=\u201c17px\u201d text_line_height=\u201c1.5em\u201d header_font=\u201cEsteban|600|||||||\u201d header_text_color=\u201c#1a3f69\u201d header_font_size=\u201c19px\u201d header_line_height=\u201c1.2em\u201d]<\/p>\n<p>\u00c9tudes d\u2019in\u00adter\u00adpr\u00e9\u00adta\u00adti\u00adon et de tra\u00adduc\u00adtion en Allemagne <em>(Universit\u00e9 de la Sarre, Sarrebruck)<\/em>, aux \u00c9tats-Unis <em>(University of the Nations, Kona)<\/em> et en Suisse <em>(\u00c9cole de Traduction et d\u2019Interpr\u00e9tation, ETI, Gen\u00e8ve)<\/em>.<\/p>\n<p>Travaille depuis 2001 en Allemagne et \u00e0 l\u2019in\u00adter\u00adna\u00adtio\u00adnal en tant qu\u2019\u00adin\u00adter\u00adpr\u00e8\u00adte et tra\u00adduc\u00adtri\u00adce ind\u00e9\u00adpen\u00addan\u00adte pour des ent\u00adre\u00adpri\u00adses com\u00admer\u00adcia\u00adles, des ambassa\u00addes, des fon\u00adda\u00adti\u00adons, des d\u00e9l\u00e9\u00adga\u00adti\u00adons gou\u00adver\u00adne\u00admen\u00adta\u00adles inter\u00adna\u00adtio\u00adna\u00adles, des syn\u00addi\u00adcats, des asso\u00adcia\u00adti\u00adons pro\u00adfes\u00adsi\u00adon\u00adnel\u00adles ain\u00adsi que des orga\u00adni\u00adsa\u00adti\u00adons non gouvernementales.<\/p>\n<p>&nbsp;<\/p>\n<ul>\n<li>\u00c9tude de mar\u00adch\u00e9 dans les domain\u00ades de la m\u00e9decine\/pharmacie et la consommation<\/li>\n<li>De nombreu\u00adses tra\u00adduc\u00adtions de l\u2019an\u00adg\u00adlais vers l\u2019allemand.<\/li>\n<li>Exp\u00e9rience en mati\u00e8\u00adre de radio et t\u00e9l\u00e9vision.<\/li>\n<\/ul>\n<p>[\/et_pb_text][\/et_pb_column][et_pb_column type=\u201c1_5\u201d _builder_version=\u201c4.6.1\u201d _module_preset=\u201cdefault\u201d][\/et_pb_column][\/et_pb_row][\/et_pb_section][et_pb_section fb_built=\u201c1\u201d admin_label=\u201cKontaktieren Sie uns\u201d _builder_version=\u201c4.7.7\u201d _module_preset=\u201cdefault\u201d background_color=\u201c#1a3f69\u201d custom_margin=\u201d||||false|false\u201d custom_padding=\u201d||||false|false\u201d locked=\u201coff\u201d][et_pb_row column_structure=\u201c1_5,3_5,1_5\u201d use_custom_gutter=\u201con\u201d _builder_version=\u201c4.6.1\u201d _module_preset=\u201cdefault\u201d width=\u201c100%\u201d][et_pb_column type=\u201c1_5\u201d _builder_version=\u201c4.6.1\u201d _module_preset=\u201cdefault\u201d][\/et_pb_column][et_pb_column type=\u201c3_5\u201d _builder_version=\u201c4.6.1\u201d _module_preset=\u201cdefault\u201d][et_pb_text _builder_version=\u201c4.6.1\u201d _module_preset=\u201cdefault\u201d header_3_font=\u201cMontserrat||||||||\u201d header_3_text_color=\u201d#ffffff\u201d header_3_font_size=\u201c26px\u201d header_3_line_height=\u201c1.2em\u201d text_orientation=\u201ccenter\u201d]<\/p>\n<h3>Contactez-nous<br> pour une demande sans engagement.<\/h3>\n<p>[\/et_pb_text][et_pb_button button_url=\u201cmailto:service@berlin-communication.de\u201d button_text=\u201c\u00c9crire un e\u2011mail\u201d button_alignment=\u201ccenter\u201d _builder_version=\u201c4.6.1\u201d _module_preset=\u201cdefault\u201d custom_button=\u201con\u201d button_text_size=\u201c15px\u201d button_text_color=\u201d#ffffff\u201d button_border_width=\u201c1px\u201d button_border_color=\u201d#ffffff\u201d button_border_radius=\u201c0px\u201d button_font=\u201cMontserrat|300|||||||\u201d button_use_icon=\u201coff\u201d custom_margin=\u201d||||false|false\u201d custom_padding=\u201c4px||||false|false\u201d][\/et_pb_button][\/et_pb_column][et_pb_column type=\u201c1_5\u201d _builder_version=\u201c4.6.1\u201d _module_preset=\u201cdefault\u201d][\/et_pb_column][\/et_pb_row][\/et_pb_section][et_pb_section fb_built=\u201c1\u201d disabled_on=\u201con|on|off\u201d admin_label=\u201cFooter\u201d _builder_version=\u201c4.7.7\u201d _module_preset=\u201cdefault\u201d background_color=\u201c#282828\u201d locked=\u201coff\u201d][et_pb_row column_structure=\u201c1_4,1_4,1_4,1_4\u201d use_custom_gutter=\u201con\u201d _builder_version=\u201c4.6.1\u201d _module_preset=\u201cdefault\u201d width=\u201c100%\u201d][et_pb_column type=\u201c1_4\u201d _builder_version=\u201c4.6.1\u201d _module_preset=\u201cdefault\u201d][et_pb_image src=\u201chttps:\/\/www.berlin-communication.de\/wp-content\/uploads\/2020\/09\/berlin-communication_logo_neg.png\u201d title_text=\u201cberlin-communication_logo_neg\u201d _builder_version=\u201c4.6.1\u201d _module_preset=\u201cdefault\u201d width=\u201c100%\u201d module_alignment=\u201ccenter\u201d][\/et_pb_image][\/et_pb_column][et_pb_column type=\u201c1_4\u201d _builder_version=\u201c4.6.1\u201d _module_preset=\u201cdefault\u201d][et_pb_text _builder_version=\u201c4.6.1\u201d _module_preset=\u201cdefault\u201d text_font=\u201cRoboto|300|||||||\u201d text_text_color=\u201d#ffffff\u201d link_text_color=\u201d#ffffff\u201d]<\/p>\n<p class=\"p1\"><a href=\"https:\/\/www.berlin-communication.de\/fr\/interpretation-simultanee\/\">Interpr\u00e9tation simul\u00adta\u00adn\u00e9e<\/a><br> <a href=\"https:\/\/www.berlin-communication.de\/fr\/interpretation-chuchotee-chuchotage\/\">Interpr\u00e9tation chu\u00adcho\u00adt\u00e9e <br><\/a><a href=\"remote-interpreting-ri-fern-dolmetschen\"><span class=\"s1\">Interpr\u00e9tation \u00e0 distance<\/span><\/a><span class=\"s1\"><br><\/span><\/p>\n<p>[\/et_pb_text][\/et_pb_column][et_pb_column type=\u201c1_4\u201d _builder_version=\u201c4.6.1\u201d _module_preset=\u201cdefault\u201d][et_pb_text _builder_version=\u201c4.6.1\u201d _module_preset=\u201cdefault\u201d text_font=\u201cRoboto|300|||||||\u201d text_text_color=\u201d#ffffff\u201d link_text_color=\u201d#ffffff\u201d]<\/p>\n<p class=\"p1\"><span class=\"s1\"><a href=\"https:\/\/www.berlin-communication.de\/fr\/interpretation-consecutive\/\">Interpr\u00e9tation con\u00ads\u00e9\u00adcu\u00adti\u00adve<\/a><br> <a href=\"https:\/\/www.berlin-communication.de\/fr\/conseils-et-organisation-en-matiere-de-technique\/\">Technique de con\u00adf\u00e9\u00adrence<\/a><br><\/span><span class=\"s1\"><a href=\"https:\/\/www.berlin-communication.de\/fr\/traductions\/\">Traductions<\/a> <span class=\"Apple-tab-span\"> <\/span><\/span> <\/p>\n<p>[\/et_pb_text][\/et_pb_column][et_pb_column type=\u201c1_4\u201d _builder_version=\u201c4.6.1\u201d _module_preset=\u201cdefault\u201d][et_pb_text _builder_version=\u201c4.6.1\u201d _module_preset=\u201cdefault\u201d text_font=\u201cRoboto|300|||||||\u201d text_text_color=\u201d#ffffff\u201d link_text_color=\u201d#ffffff\u201d]<\/p>\n<p class=\"p1\"><a href=\"mailto:service@berlin-communication.de\">service@berlin-communication.de<br><\/a><a href=\"https:\/\/www.berlin-communication.de\/fr\/mentions-legales\/\">Mentions l\u00e9ga\u00adles<\/a><a href=\"mailto:service@berlin-communication.de\"><br><\/a><a href=\"https:\/\/www.berlin-communication.de\/fr\/protection-des-donnees\/\">Protection des donn\u00e9es<\/a><a href=\"mailto:service@berlin-communication.de\"><\/a><\/p>\n<p>[\/et_pb_text][\/et_pb_column][\/et_pb_row][\/et_pb_section][et_pb_section fb_built=\u201c1\u201d disabled_on=\u201con|off|on\u201d admin_label=\u201cFooter Tablet\u201d _builder_version=\u201c4.7.7\u201d _module_preset=\u201cdefault\u201d background_color=\u201c#282828\u201d locked=\u201coff\u201d][et_pb_row column_structure=\u201c1_3,1_3,1_3\u201d _builder_version=\u201c4.7.7\u201d _module_preset=\u201cdefault\u201d][et_pb_column type=\u201c1_3\u201d _builder_version=\u201c4.7.7\u201d _module_preset=\u201cdefault\u201d][\/et_pb_column][et_pb_column type=\u201c1_3\u201d _builder_version=\u201c4.7.7\u201d _module_preset=\u201cdefault\u201d][et_pb_image src=\u201chttps:\/\/www.berlin-communication.de\/wp-content\/uploads\/2020\/09\/berlin-communication_logo_neg.png\u201d title_text=\u201cberlin-communication_logo_neg\u201d _builder_version=\u201c4.7.7\u201d _module_preset=\u201cdefault\u201d width=\u201c40%\u201d module_alignment=\u201ccenter\u201d custom_margin=\u201d-60px||-60px||false|false\u201d][\/et_pb_image][\/et_pb_column][et_pb_column type=\u201c1_3\u201d _builder_version=\u201c4.7.7\u201d _module_preset=\u201cdefault\u201d][\/et_pb_column][\/et_pb_row][et_pb_row column_structure=\u201c1_6,1_6,1_6,1_6,1_6,1_6\u201d _builder_version=\u201c4.7.7\u201d _module_preset=\u201cdefault\u201d custom_margin=\u201d||-60px||false|false\u201d][et_pb_column type=\u201c1_6\u201d _builder_version=\u201c4.7.7\u201d _module_preset=\u201cdefault\u201d][et_pb_text _builder_version=\u201c4.6.1\u201d _module_preset=\u201cdefault\u201d text_font=\u201cRoboto|300|||||||\u201d text_text_color=\u201d#ffffff\u201d link_text_color=\u201d#ffffff\u201d]<\/p>\n<p class=\"p1\"><a href=\"https:\/\/www.berlin-communication.de\/fr\/interpretation-simultanee\/\">Interpr\u00e9tation simul\u00adta\u00adn\u00e9e<\/a><br> <a href=\"https:\/\/www.berlin-communication.de\/fr\/interpretation-chuchotee-chuchotage\/\">Interpr\u00e9tation chu\u00adcho\u00adt\u00e9e <br><\/a><a href=\"remote-interpreting-ri-fern-dolmetschen\"><span class=\"s1\">Interpr\u00e9tation \u00e0 distance<\/span><\/a><span class=\"s1\"><br><\/span><\/p>\n<p>[\/et_pb_text][\/et_pb_column][et_pb_column type=\u201c1_6\u201d _builder_version=\u201c4.7.7\u201d _module_preset=\u201cdefault\u201d][et_pb_text _builder_version=\u201c4.6.1\u201d _module_preset=\u201cdefault\u201d text_font=\u201cRoboto|300|||||||\u201d text_text_color=\u201d#ffffff\u201d link_text_color=\u201d#ffffff\u201d]<\/p>\n<p class=\"p1\"><span class=\"s1\"><a href=\"https:\/\/www.berlin-communication.de\/fr\/interpretation-consecutive\/\">Interpr\u00e9tation con\u00ads\u00e9\u00adcu\u00adti\u00adve<\/a><br> <a href=\"https:\/\/www.berlin-communication.de\/fr\/conseils-et-organisation-en-matiere-de-technique\/\">Technique de con\u00adf\u00e9\u00adrence<\/a><br><\/span><span class=\"s1\"><a href=\"https:\/\/www.berlin-communication.de\/fr\/traductions\/\">Traductions<\/a> <span class=\"Apple-tab-span\"> <\/span><\/span> <\/p>\n<p>[\/et_pb_text][\/et_pb_column][et_pb_column type=\u201c1_6\u201d _builder_version=\u201c4.7.7\u201d _module_preset=\u201cdefault\u201d][et_pb_text _builder_version=\u201c4.6.1\u201d _module_preset=\u201cdefault\u201d text_font=\u201cRoboto|300|||||||\u201d text_text_color=\u201d#ffffff\u201d link_text_color=\u201d#ffffff\u201d]<\/p>\n<p class=\"p1\"><a href=\"mailto:service@berlin-communication.de\">service@berlin-communication.de<br><\/a><a href=\"https:\/\/www.berlin-communication.de\/fr\/mentions-legales\/\">Mentions l\u00e9ga\u00adles<\/a><a href=\"mailto:service@berlin-communication.de\"><br><\/a><a href=\"https:\/\/www.berlin-communication.de\/fr\/protection-des-donnees\/\">Protection des donn\u00e9es<\/a><a href=\"mailto:service@berlin-communication.de\"><\/a><\/p>\n<p>[\/et_pb_text][\/et_pb_column][et_pb_column type=\u201c1_6\u201d _builder_version=\u201c4.7.7\u201d _module_preset=\u201cdefault\u201d][\/et_pb_column][et_pb_column type=\u201c1_6\u201d _builder_version=\u201c4.7.7\u201d _module_preset=\u201cdefault\u201d][\/et_pb_column][et_pb_column type=\u201c1_6\u201d _builder_version=\u201c4.7.7\u201d _module_preset=\u201cdefault\u201d][\/et_pb_column][\/et_pb_row][\/et_pb_section][et_pb_section fb_built=\u201c1\u201d disabled_on=\u201coff|on|on\u201d admin_label=\u201cFooter mobil\u201d _builder_version=\u201c4.7.7\u201d _module_preset=\u201cdefault\u201d background_color=\u201c#282828\u201d locked=\u201coff\u201d][et_pb_row _builder_version=\u201c4.7.7\u201d _module_preset=\u201cdefault\u201d][et_pb_column type=\u201c4_4\u201d _builder_version=\u201c4.7.7\u201d _module_preset=\u201cdefault\u201d][et_pb_image src=\u201chttps:\/\/www.berlin-communication.de\/wp-content\/uploads\/2020\/09\/berlin-communication_logo_neg.png\u201d title_text=\u201cberlin-communication_logo_neg\u201d _builder_version=\u201c4.7.7\u201d _module_preset=\u201cdefault\u201d width=\u201c70%\u201d module_alignment=\u201ccenter\u201d custom_margin=\u201d-40px||-40px||false|false\u201d custom_padding=\u201c0px||0px||false|false\u201d][\/et_pb_image][\/et_pb_column][\/et_pb_row][et_pb_row column_structure=\u201c1_5,3_5,1_5\u201d _builder_version=\u201c4.7.7\u201d _module_preset=\u201cdefault\u201d custom_padding=\u201d||0px||false|false\u201d][et_pb_column type=\u201c1_5\u201d _builder_version=\u201c4.7.7\u201d _module_preset=\u201cdefault\u201d][\/et_pb_column][et_pb_column type=\u201c3_5\u201d _builder_version=\u201c4.7.7\u201d _module_preset=\u201cdefault\u201d][et_pb_text _builder_version=\u201c4.7.7\u201d _module_preset=\u201cdefault\u201d text_font=\u201cRoboto|300|||||||\u201d text_text_color=\u201d#ffffff\u201d link_text_color=\u201d#ffffff\u201d text_orientation=\u201ccenter\u201d]<\/p>\n<p class=\"p1\"><a href=\"https:\/\/www.berlin-communication.de\/fr\/interpretation-simultanee\/\">Interpr\u00e9tation simul\u00adta\u00adn\u00e9e<\/a><br><a href=\"https:\/\/www.berlin-communication.de\/fr\/interpretation-chuchotee-chuchotage\/\">Interpr\u00e9tation chu\u00adcho\u00adt\u00e9e <br><\/a><a href=\"remote-interpreting-ri-fern-dolmetschen\"><span class=\"s1\">Interpr\u00e9tation \u00e0 distance <\/span><\/a><span class=\"s1\"><br> <a href=\"https:\/\/www.berlin-communication.de\/fr\/interpretation-consecutive\/\">Interpr\u00e9tation con\u00ads\u00e9\u00adcu\u00adti\u00adve<\/a> <br> <a href=\"https:\/\/www.berlin-communication.de\/fr\/conseils-et-organisation-en-matiere-de-technique\/\">Technique de con\u00adf\u00e9\u00adrence<\/a> <br> <a href=\"https:\/\/www.berlin-communication.de\/fr\/traductions\/\">Traductions<\/a> <br><\/span><\/p>\n<p>[\/et_pb_text][et_pb_text _builder_version=\u201c4.7.7\u201d _module_preset=\u201cdefault\u201d text_font=\u201cRoboto|300|||||||\u201d text_text_color=\u201d#ffffff\u201d link_text_color=\u201d#ffffff\u201d text_orientation=\u201ccenter\u201d custom_margin=\u201d||-40px||false|false\u201d]<\/p>\n<p class=\"p1\"><a href=\"mailto:service@berlin-communication.de\">service@berlin-communication.de<br><\/a><a href=\"https:\/\/www.berlin-communication.de\/fr\/mentions-legales\/\">Mentions l\u00e9ga\u00adles | <\/a><a href=\"https:\/\/www.berlin-communication.de\/fr\/protection-des-donnees\/\">Protection des donn\u00e9es<\/a><\/p>\n<p>[\/et_pb_text][\/et_pb_column][et_pb_column type=\u201c1_5\u201d _builder_version=\u201c4.7.7\u201d _module_preset=\u201cdefault\u201d][\/et_pb_column][\/et_pb_row][\/et_pb_section]<\/p>","protected":false},"excerpt":{"rendered":"<p>Maike GrabowskiInterpr\u00e8te de con\u00adf\u00e9\u00adrence et traductriceAllemand \u2014 ang\u00adlais \u2014 fran\u00e7aisDomaines de sp\u00e9\u00adcia\u00adli\u00adsa\u00adti\u00adon : Politique : poli\u00adtique \u00e9tran\u00adg\u00e8\u00adre et de s\u00e9cu\u00adri\u00adt\u00e9, rela\u00adti\u00adons inter\u00adna\u00adtio\u00adna\u00adles, Union euro\u00adp\u00e9\u00aden\u00adne, mar\u00adch\u00e9 du tra\u00advail, coop\u00e9\u00adra\u00adti\u00adon au d\u00e9ve\u00adlo\u00adp\u00adpe\u00adment, poli\u00adtique tarifai\u00adre \u00c9conomie : ges\u00adti\u00adon des res\u00adsour\u00adces humain\u00ades, cul\u00adtu\u00adre de l\u2019entre\u00adpri\u00adse, con\u00adfor\u00admi\u00adt\u00e9, sec\u00adteur publi\u00adci\u00adtaire, tou\u00adris\u00adme M\u00e9decine : phar\u00admacie, tech\u00adni\u00adque m\u00e9di\u00adcale, san\u00adt\u00e9 publi\u00adque Environnement et \u00e9nergie&nbsp;[\u2026]<\/p>","protected":false},"author":2,"featured_media":0,"parent":0,"menu_order":0,"comment_status":"closed","ping_status":"closed","template":"","meta":{"_et_pb_use_builder":"on","_et_pb_old_content":"","_et_gb_content_width":"","wp_typography_post_enhancements_disabled":false,"footnotes":""},"class_list":["post-781","page","type-page","status-publish","hentry"],"yoast_head":"<!-- This site is optimized with the Yoast SEO plugin v27.5 - https:\/\/yoast.com\/product\/yoast-seo-wordpress\/ -->\n<title>Maike Grabowski | Interpr\u00e8te et traductrice | Allemand anglais fran\u00e7ais<\/title>\n<meta name=\"description\" content=\"Travaille depuis 2001 en Allemagne et \u00e0 l\u2019international en tant qu\u2019interpr\u00e8te et traductrice ind\u00e9pendante.\" \/>\n<meta name=\"robots\" content=\"index, follow, max-snippet:-1, max-image-preview:large, max-video-preview:-1\" \/>\n<link rel=\"canonical\" href=\"https:\/\/www.berlin-communication.de\/fr\/maike-grabowski\/\" \/>\n<meta property=\"og:locale\" content=\"fr_FR\" \/>\n<meta property=\"og:type\" content=\"article\" \/>\n<meta property=\"og:title\" content=\"Maike Grabowski | Interpr\u00e8te et traductrice | Allemand anglais fran\u00e7ais\" \/>\n<meta property=\"og:description\" content=\"Travaille depuis 2001 en Allemagne et \u00e0 l\u2019international en tant qu\u2019interpr\u00e8te et traductrice ind\u00e9pendante.\" \/>\n<meta property=\"og:url\" content=\"https:\/\/www.berlin-communication.de\/fr\/maike-grabowski\/\" \/>\n<meta property=\"og:site_name\" content=\"berlin-communication\" \/>\n<meta property=\"article:modified_time\" content=\"2021-04-02T15:25:47+00:00\" \/>\n<meta name=\"twitter:card\" content=\"summary_large_image\" \/>\n<meta name=\"twitter:label1\" content=\"Dur\u00e9e de lecture estim\u00e9e\" \/>\n\t<meta name=\"twitter:data1\" content=\"11 minutes\" \/>\n<script type=\"application\/ld+json\" class=\"yoast-schema-graph\">{\"@context\":\"https:\\\/\\\/schema.org\",\"@graph\":[{\"@type\":\"WebPage\",\"@id\":\"https:\\\/\\\/www.berlin-communication.de\\\/fr\\\/maike-grabowski\\\/\",\"url\":\"https:\\\/\\\/www.berlin-communication.de\\\/fr\\\/maike-grabowski\\\/\",\"name\":\"Maike Grabowski | Interpr\u00e8te et traductrice | Allemand anglais fran\u00e7ais\",\"isPartOf\":{\"@id\":\"https:\\\/\\\/www.berlin-communication.de\\\/fr\\\/#website\"},\"datePublished\":\"2021-01-05T11:20:59+00:00\",\"dateModified\":\"2021-04-02T15:25:47+00:00\",\"description\":\"Travaille depuis 2001 en Allemagne et \u00e0 l\u2019international en tant qu\u2019interpr\u00e8te et traductrice ind\u00e9pendante.\",\"breadcrumb\":{\"@id\":\"https:\\\/\\\/www.berlin-communication.de\\\/fr\\\/maike-grabowski\\\/#breadcrumb\"},\"inLanguage\":\"fr-FR\",\"potentialAction\":[{\"@type\":\"ReadAction\",\"target\":[\"https:\\\/\\\/www.berlin-communication.de\\\/fr\\\/maike-grabowski\\\/\"]}]},{\"@type\":\"BreadcrumbList\",\"@id\":\"https:\\\/\\\/www.berlin-communication.de\\\/fr\\\/maike-grabowski\\\/#breadcrumb\",\"itemListElement\":[{\"@type\":\"ListItem\",\"position\":1,\"name\":\"Startseite\",\"item\":\"https:\\\/\\\/www.berlin-communication.de\\\/fr\\\/\"},{\"@type\":\"ListItem\",\"position\":2,\"name\":\"Maike Grabowski\"}]},{\"@type\":\"WebSite\",\"@id\":\"https:\\\/\\\/www.berlin-communication.de\\\/fr\\\/#website\",\"url\":\"https:\\\/\\\/www.berlin-communication.de\\\/fr\\\/\",\"name\":\"berlin-communication\",\"description\":\"Dolmetscher und \u00dcbersetzer in Berlin\",\"publisher\":{\"@id\":\"https:\\\/\\\/www.berlin-communication.de\\\/fr\\\/#organization\"},\"potentialAction\":[{\"@type\":\"SearchAction\",\"target\":{\"@type\":\"EntryPoint\",\"urlTemplate\":\"https:\\\/\\\/www.berlin-communication.de\\\/fr\\\/?s={search_term_string}\"},\"query-input\":{\"@type\":\"PropertyValueSpecification\",\"valueRequired\":true,\"valueName\":\"search_term_string\"}}],\"inLanguage\":\"fr-FR\"},{\"@type\":\"Organization\",\"@id\":\"https:\\\/\\\/www.berlin-communication.de\\\/fr\\\/#organization\",\"name\":\"Berlin Communication\",\"url\":\"https:\\\/\\\/www.berlin-communication.de\\\/fr\\\/\",\"logo\":{\"@type\":\"ImageObject\",\"inLanguage\":\"fr-FR\",\"@id\":\"https:\\\/\\\/www.berlin-communication.de\\\/fr\\\/#\\\/schema\\\/logo\\\/image\\\/\",\"url\":\"https:\\\/\\\/www.berlin-communication.de\\\/wp-content\\\/uploads\\\/2020\\\/09\\\/logo_berlin-communication.png\",\"contentUrl\":\"https:\\\/\\\/www.berlin-communication.de\\\/wp-content\\\/uploads\\\/2020\\\/09\\\/logo_berlin-communication.png\",\"width\":800,\"height\":195,\"caption\":\"Berlin Communication\"},\"image\":{\"@id\":\"https:\\\/\\\/www.berlin-communication.de\\\/fr\\\/#\\\/schema\\\/logo\\\/image\\\/\"}}]}<\/script>\n<!-- \/ Yoast SEO plugin. -->","yoast_head_json":{"title":"Maike Grabowski | Interpr\u00e8te et traductrice | Allemand anglais fran\u00e7ais","description":"Travaille depuis 2001 en Allemagne et \u00e0 l\u2019international en tant qu\u2019interpr\u00e8te et traductrice ind\u00e9pendante.","robots":{"index":"index","follow":"follow","max-snippet":"max-snippet:-1","max-image-preview":"max-image-preview:large","max-video-preview":"max-video-preview:-1"},"canonical":"https:\/\/www.berlin-communication.de\/fr\/maike-grabowski\/","og_locale":"fr_FR","og_type":"article","og_title":"Maike Grabowski | Interpr\u00e8te et traductrice | Allemand anglais fran\u00e7ais","og_description":"Travaille depuis 2001 en Allemagne et \u00e0 l\u2019international en tant qu\u2019interpr\u00e8te et traductrice ind\u00e9pendante.","og_url":"https:\/\/www.berlin-communication.de\/fr\/maike-grabowski\/","og_site_name":"berlin-communication","article_modified_time":"2021-04-02T15:25:47+00:00","twitter_card":"summary_large_image","twitter_misc":{"Dur\u00e9e de lecture estim\u00e9e":"11 minutes"},"schema":{"@context":"https:\/\/schema.org","@graph":[{"@type":"WebPage","@id":"https:\/\/www.berlin-communication.de\/fr\/maike-grabowski\/","url":"https:\/\/www.berlin-communication.de\/fr\/maike-grabowski\/","name":"Maike Grabowski | Interpr\u00e8te et traductrice | Allemand anglais fran\u00e7ais","isPartOf":{"@id":"https:\/\/www.berlin-communication.de\/fr\/#website"},"datePublished":"2021-01-05T11:20:59+00:00","dateModified":"2021-04-02T15:25:47+00:00","description":"Travaille depuis 2001 en Allemagne et \u00e0 l\u2019international en tant qu\u2019interpr\u00e8te et traductrice ind\u00e9pendante.","breadcrumb":{"@id":"https:\/\/www.berlin-communication.de\/fr\/maike-grabowski\/#breadcrumb"},"inLanguage":"fr-FR","potentialAction":[{"@type":"ReadAction","target":["https:\/\/www.berlin-communication.de\/fr\/maike-grabowski\/"]}]},{"@type":"BreadcrumbList","@id":"https:\/\/www.berlin-communication.de\/fr\/maike-grabowski\/#breadcrumb","itemListElement":[{"@type":"ListItem","position":1,"name":"Startseite","item":"https:\/\/www.berlin-communication.de\/fr\/"},{"@type":"ListItem","position":2,"name":"Maike Grabowski"}]},{"@type":"WebSite","@id":"https:\/\/www.berlin-communication.de\/fr\/#website","url":"https:\/\/www.berlin-communication.de\/fr\/","name":"berlin-communication","description":"Dolmetscher und \u00dcbersetzer in Berlin","publisher":{"@id":"https:\/\/www.berlin-communication.de\/fr\/#organization"},"potentialAction":[{"@type":"SearchAction","target":{"@type":"EntryPoint","urlTemplate":"https:\/\/www.berlin-communication.de\/fr\/?s={search_term_string}"},"query-input":{"@type":"PropertyValueSpecification","valueRequired":true,"valueName":"search_term_string"}}],"inLanguage":"fr-FR"},{"@type":"Organization","@id":"https:\/\/www.berlin-communication.de\/fr\/#organization","name":"Berlin Communication","url":"https:\/\/www.berlin-communication.de\/fr\/","logo":{"@type":"ImageObject","inLanguage":"fr-FR","@id":"https:\/\/www.berlin-communication.de\/fr\/#\/schema\/logo\/image\/","url":"https:\/\/www.berlin-communication.de\/wp-content\/uploads\/2020\/09\/logo_berlin-communication.png","contentUrl":"https:\/\/www.berlin-communication.de\/wp-content\/uploads\/2020\/09\/logo_berlin-communication.png","width":800,"height":195,"caption":"Berlin Communication"},"image":{"@id":"https:\/\/www.berlin-communication.de\/fr\/#\/schema\/logo\/image\/"}}]}},"_links":{"self":[{"href":"https:\/\/www.berlin-communication.de\/fr\/wp-json\/wp\/v2\/pages\/781","targetHints":{"allow":["GET"]}}],"collection":[{"href":"https:\/\/www.berlin-communication.de\/fr\/wp-json\/wp\/v2\/pages"}],"about":[{"href":"https:\/\/www.berlin-communication.de\/fr\/wp-json\/wp\/v2\/types\/page"}],"author":[{"embeddable":true,"href":"https:\/\/www.berlin-communication.de\/fr\/wp-json\/wp\/v2\/users\/2"}],"replies":[{"embeddable":true,"href":"https:\/\/www.berlin-communication.de\/fr\/wp-json\/wp\/v2\/comments?post=781"}],"version-history":[{"count":21,"href":"https:\/\/www.berlin-communication.de\/fr\/wp-json\/wp\/v2\/pages\/781\/revisions"}],"predecessor-version":[{"id":1493,"href":"https:\/\/www.berlin-communication.de\/fr\/wp-json\/wp\/v2\/pages\/781\/revisions\/1493"}],"wp:attachment":[{"href":"https:\/\/www.berlin-communication.de\/fr\/wp-json\/wp\/v2\/media?parent=781"}],"curies":[{"name":"wp","href":"https:\/\/api.w.org\/{rel}","templated":true}]}}