{"id":1689,"date":"2025-04-18T08:16:25","date_gmt":"2025-04-18T08:16:25","guid":{"rendered":"https:\/\/www.berlin-communication.de\/?page_id=1689"},"modified":"2025-04-18T08:16:30","modified_gmt":"2025-04-18T08:16:30","slug":"avis-de-clients","status":"publish","type":"page","link":"https:\/\/www.berlin-communication.de\/fr\/avis-de-clients\/","title":{"rendered":"Avis de clients"},"content":{"rendered":"<p>[et_pb_section fb_built=\u201c1\u201d _builder_version=\u201c4.27.4\u201d _module_preset=\u201cdefault\u201d background_color=\u201c#f4f4f4\u201d locked=\u201coff\u201d global_colors_info=\u201d{}\u201d][et_pb_row module_class=\u201cbtn-inline\u201d _builder_version=\u201c4.16\u201d _module_preset=\u201cdefault\u201d width=\u201c100%\u201d custom_margin=\u201d||-35px||false|false\u201d global_colors_info=\u201d{}\u201d][et_pb_column type=\u201c4_4\u201d _builder_version=\u201c4.16\u201d _module_preset=\u201cdefault\u201d custom_padding=\u201d|30px||30px|false|false\u201d custom_padding_tablet=\u201d|100px||100px|false|false\u201d custom_padding_phone=\u201d|15px||15px|false|false\u201d custom_padding_last_edited=\u201con|desktop\u201d global_colors_info=\u201d{}\u201d][et_pb_text _builder_version=\u201c4.27.4\u201d _module_preset=\u201cdefault\u201d global_colors_info=\u201d{}\u201d]<\/p>\n<h1>Avis de clients<\/h1>\n<p>Voici ce que disent les cli\u00adentes et cli\u00adents \u00e0 not\u00adre&nbsp;sujet:<\/p>\n<div class=\"strong-view strong-view-id-2 default wpmtst-default no-quotes rezensionen\" data-count=\"6\" data-state=\"idle\"><div class=\"strong-content strong-masonry columns-3\"><div class=\"wpmtst-testimonial testimonial post-1784\"><div class=\"wpmtst-testimonial-inner testimonial-inner\"><h3 class=\"wpmtst-testimonial-heading testimonial-heading\">Des interpr\u00e8tes tout \u00e0 fait exceptionnelles&nbsp;!<\/h3><div class=\"wpmtst-testimonial-content testimonial-content\"><div class=\"maybe-clear\"><\/div><p>Des inter\u00adpr\u00e8\u00adtes tout \u00e0 fait excep\u00adti\u00adon\u00adnel\u00adles ! La com\u00admu\u00adni\u00adca\u00adti\u00adon en amont a \u00e9t\u00e9 rapi\u00adde et simp\u00adle et leur pre\u00adsta\u00adti\u00adon lors de l\u2019\u00e9\u00adv\u00e9\u00adne\u00adment a \u00e9t\u00e9 excellente.<\/p><p> C\u2019est avec grand plai\u00adsir que nous ferons de nou\u00adveau appel \u00e0 leurs ser\u00advices. Merci.<\/p><\/div><div class=\"wpmtst-testimonial-field testimonial-field testimonial-date\">mars 2025<\/div><div class=\"wpmtst-testimonial-field testimonial-field testimonial-name\">Sven L\u00fcsebrink<\/div><div class=\"clear\"><\/div><\/div><\/div><div class=\"wpmtst-testimonial testimonial post-1780\"><div class=\"wpmtst-testimonial-inner testimonial-inner\"><h3 class=\"wpmtst-testimonial-heading testimonial-heading\">Maike Grabowski et son \u00e9quipe se distinguent par leur professionnalisme, leur pr\u00e9cision et leur fiabilit\u00e9.<\/h3><div class=\"wpmtst-testimonial-content testimonial-content\"><div class=\"maybe-clear\"><\/div><p>Depuis de nombreu\u00adses ann\u00e9es d\u00e9j\u00e0, not\u00adre col\u00adla\u00adbo\u00adra\u00adti\u00adon avec ber\u00adlin-com\u00admu\u00adni\u00adca\u00adti\u00adon est cou\u00adron\u00adn\u00e9e de suc\u00adc\u00e8s. Maike Grabowski et son \u00e9qui\u00adpe se distin\u00adguent par leur pro\u00adfes\u00adsi\u00adon\u00adna\u00adlis\u00adme, leur pr\u00e9\u00adcis\u00adi\u00adon et leur fia\u00adbi\u00adli\u00adt\u00e9, qui ont lar\u00adge\u00adment con\u00adtri\u00adbu\u00e9 au suc\u00adc\u00e8s de nos \u00e9v\u00e9\u00adne\u00adments annuels.<br>\nLeur capa\u00adci\u00adt\u00e9 \u00e0 s\u2019adapter \u00e0 des sujets com\u00adple\u00adxes et \u00e0 inter\u00adpr\u00e9\u00adter avec pr\u00e9\u00adcis\u00adi\u00adon en temps r\u00e9el est par\u00adti\u00adcu\u00adli\u00e8\u00adre\u00adment impres\u00adsi\u00adon\u00adnan\u00adte. Nous appr\u00e9\u00adci\u00adons \u00e9ga\u00adle\u00adment l\u2019attitude ami\u00adcale et pro\u00adfes\u00adsi\u00adon\u00adnel\u00adle de l\u2019\u00e9quipe.<br>\nNous som\u00admes impa\u00adti\u00adents de pour\u00adsuiv\u00adre not\u00adre fruc\u00adtueu\u00adse col\u00adla\u00adbo\u00adra\u00adti\u00adon dans les ann\u00e9es \u00e0&nbsp;venir.<\/p><\/div><div class=\"wpmtst-testimonial-field testimonial-field testimonial-date\">jan\u00advier&nbsp;2025<\/div><div class=\"wpmtst-testimonial-field testimonial-field testimonial-name\">\u2013  capi\u00adton&nbsp;AG&nbsp;\u2013<\/div><div class=\"clear\"><\/div><\/div><\/div><div class=\"wpmtst-testimonial testimonial post-1779\"><div class=\"wpmtst-testimonial-inner testimonial-inner\"><h3 class=\"wpmtst-testimonial-heading testimonial-heading\">Nos clients et nous-m\u00eames sommes toujours impressionn\u00e9s par le professionnalisme des interpr\u00e8tes de berlin-communication<\/h3><div class=\"wpmtst-testimonial-content testimonial-content\"><div class=\"maybe-clear\"><\/div><p>Nos cli\u00adents et nous-m\u00eames som\u00admes tou\u00adjours impres\u00adsi\u00adonn\u00e9s par le pro\u00adfes\u00adsi\u00adon\u00adna\u00adlis\u00adme des inter\u00adpr\u00e8\u00adtes de ber\u00adlin-com\u00admu\u00adni\u00adca\u00adti\u00adon. Le jar\u00adgon m\u00e9di\u00adcal est non seu\u00adle\u00adment inter\u00adpr\u00e9\u00adt\u00e9 cor\u00adrec\u00adte\u00adment, mais aus\u00adsi sou\u00advent expli\u00adqu\u00e9 de mani\u00e8\u00adre \u00e0 \u00eatre faci\u00adle\u00adment com\u00adpr\u00e9\u00adhen\u00adsi\u00adble pour l\u2019auditeur. Les inter\u00adpr\u00e8\u00adtes font preuve d\u2019une pro\u00adfon\u00adde com\u00adpr\u00e9\u00adhen\u00adsi\u00adon des d\u00e9fis sp\u00e9\u00adci\u00adfi\u00adques de la com\u00admu\u00adni\u00adca\u00adti\u00adon m\u00e9di\u00adcale et con\u00adtri\u00adbuent avec com\u00adp\u00e9\u00adtence \u00e0 rend\u00adre com\u00adpr\u00e9\u00adhen\u00adsi\u00adbles les inter\u00adviews men\u00e9es, dans le sens des objec\u00adtifs de l\u2019\u00e9tude. De plus, elles font preuve d\u2019une gran\u00adde empa\u00adthie et d\u2019une gran\u00adde sen\u00adsi\u00adbi\u00adli\u00adt\u00e9 cul\u00adtu\u00adrel\u00adle, faci\u00adli\u00adtant con\u00adsid\u00e9\u00adra\u00adblem\u00adent la tra\u00adduc\u00adtion de la com\u00admu\u00adni\u00adca\u00adti\u00adon ent\u00adre le m\u00e9de\u00adcin, le pati\u00adent et la per\u00adson\u00adne qui m\u00e8ne les interviews.<br>\nLa col\u00adla\u00adbo\u00adra\u00adti\u00adon avec Maike Grabowski et les aut\u00adres inter\u00adpr\u00e8\u00adtes est simp\u00adle et effi\u00adcace, ce qui rend l\u2019exp\u00e9rience avec ber\u00adlin-com\u00admu\u00adni\u00adca\u00adti\u00adon tout \u00e0 fait positive&nbsp;!<\/p><\/div><div class=\"wpmtst-testimonial-field testimonial-field testimonial-date\">jan\u00advier&nbsp;2025<\/div><div class=\"wpmtst-testimonial-field testimonial-field testimonial-name\">Werner Palancares<\/div><div class=\"wpmtst-testimonial-field testimonial-field testimonial-company\">\u2013 ZR Germany&nbsp;\u2013<\/div><div class=\"clear\"><\/div><\/div><\/div><div class=\"wpmtst-testimonial testimonial post-1778\"><div class=\"wpmtst-testimonial-inner testimonial-inner\"><h3 class=\"wpmtst-testimonial-heading testimonial-heading\">Tr\u00e8s aimables et serviables dans la communication et la planification de l\u2019\u00e9v\u00e9nement et tout aussi professionnelles lors de l\u2019interpr\u00e9tation<\/h3><div class=\"wpmtst-testimonial-content testimonial-content\"><div class=\"maybe-clear\"><\/div><p>Tr\u00e8s aim\u00ada\u00adbles et ser\u00advia\u00adbles dans la com\u00admu\u00adni\u00adca\u00adti\u00adon et la pla\u00adni\u00adfi\u00adca\u00adti\u00adon de l\u2019\u00e9v\u00e9nement et tout aus\u00adsi pro\u00adfes\u00adsi\u00adon\u00adnel\u00adles lors de l\u2019interpr\u00e9tation. Nous nous ferons un plai\u00adsir de refai\u00adre appel \u00e0 leurs services.<\/p><p>Positif :<br>\nR\u00e9activit\u00e9, qua\u00adli\u00adt\u00e9, pro\u00adfes\u00adsi\u00adon\u00adna\u00adlis\u00adme, valeur<\/p><\/div><div class=\"wpmtst-testimonial-field testimonial-field testimonial-date\">jan\u00advier&nbsp;2025<\/div><div class=\"wpmtst-testimonial-field testimonial-field testimonial-name\">Martin Hoeck<\/div><div class=\"clear\"><\/div><\/div><\/div><div class=\"wpmtst-testimonial testimonial post-1777\"><div class=\"wpmtst-testimonial-inner testimonial-inner\"><h3 class=\"wpmtst-testimonial-heading testimonial-heading\">Collaborer avec ces personnes formidables en vaut la chandelle<\/h3><div class=\"wpmtst-testimonial-content testimonial-content\"><div class=\"maybe-clear\"><\/div><p>Cela fait main\u00adten\u00adant plus de 10 ans que je col\u00adla\u00adbo\u00adre avec Maike et l\u2019\u00e9quipe de ber\u00adlin-com\u00admu\u00adni\u00adca\u00adti\u00adon et je peux dire en tou\u00adte sin\u00adc\u00e9\u00adri\u00adt\u00e9 qu\u2019elles sont deve\u00adnues un atout majeur pour not\u00adre ent\u00adre\u00adpri\u00adse. Non seu\u00adle\u00adment elles ont tou\u00adjours four\u00adni des inter\u00adpr\u00e9\u00adta\u00adti\u00adons de la plus hau\u00adte qua\u00adli\u00adt\u00e9, mais elles gar\u00addent le sang fro\u00adid lors\u00adque nous leur fai\u00adsons tou\u00adtes sor\u00adtes de sur\u00adpri\u00adses : r\u00e9ser\u00adva\u00adtions spon\u00adta\u00adn\u00e9es \u00e0 la der\u00adni\u00e8\u00adre minu\u00adte, longues jour\u00adn\u00e9es et th\u00e8\u00admes peu clairs, elles savent com\u00adment tout g\u00e9rer avec brio. Collaborer avec ces per\u00adson\u00adnes for\u00admi\u00adda\u00adbles en vaut la chandelle.<\/p><\/div><div class=\"wpmtst-testimonial-field testimonial-field testimonial-date\">jan\u00advier&nbsp;2025<\/div><div class=\"wpmtst-testimonial-field testimonial-field testimonial-name\">Marcus Derham<\/div><div class=\"clear\"><\/div><\/div><\/div><div class=\"wpmtst-testimonial testimonial post-1775\"><div class=\"wpmtst-testimonial-inner testimonial-inner\"><h3 class=\"wpmtst-testimonial-heading testimonial-heading\">Nous sommes tr\u00e8s reconnaissants envers nos partenaires de berlin-communication.<\/h3><div class=\"wpmtst-testimonial-content testimonial-content\"><div class=\"maybe-clear\"><\/div><p>Nous som\u00admes tr\u00e8s recon\u00adnais\u00adsants envers nos par\u00adten\u00adaires de ber\u00adlin-com\u00admu\u00adni\u00adca\u00adti\u00adon, qui four\u00adnis\u00adsent des ser\u00advices d\u2019interpr\u00e9tation pen\u00addant nos con\u00adf\u00e9\u00adren\u00adces et r\u00e9uni\u00adons de grou\u00adpe. Leur pro\u00adfes\u00adsi\u00adon\u00adna\u00adlis\u00adme, leur exper\u00adti\u00adse et leur sou\u00adci du d\u00e9tail ont con\u00adsid\u00e9\u00adra\u00adblem\u00adent am\u00e9\u00adlio\u00adr\u00e9 la com\u00admu\u00adni\u00adca\u00adti\u00adon et la com\u00adpr\u00e9\u00adhen\u00adsi\u00adon ent\u00adre tous les participants.<\/p><p>Non seu\u00adle\u00adment elles ma\u00ee\u00adtri\u00adsent leur m\u00e9tier, mais elles sont \u00e9ga\u00adle\u00adment tr\u00e8s aim\u00ada\u00adbles et ser\u00advia\u00adbles, par ail\u00adleurs elles n\u2019h\u00e9sitent pas \u00e0 fai\u00adre des efforts sup\u00adp\u00adl\u00e9\u00admen\u00adtai\u00adres pour garan\u00adtir le bon d\u00e9rou\u00adle\u00adment de l\u2019\u00e9v\u00e9nement. Leur atti\u00adtu\u00adde posi\u00adti\u00adve et leur enga\u00adge\u00adment font que c\u2019est un plai\u00adsir de tra\u00advail\u00adler avec&nbsp;elles.<\/p><p>Merci de fai\u00adre par\u00adtie int\u00e9\u00adgran\u00adte de nos \u00e9v\u00e9\u00adne\u00adments et de veil\u00adler \u00e0 ce que chaque inter\u00adac\u00adtion se d\u00e9roule de mani\u00e8\u00adre flui\u00adde et agr\u00e9able&nbsp;!<\/p><\/div><div class=\"wpmtst-testimonial-field testimonial-field testimonial-date\">jan\u00advier&nbsp;2025<\/div><div class=\"wpmtst-testimonial-field testimonial-field testimonial-name\">\u2013 Aurora Commercial&nbsp;\u2013<\/div><div class=\"clear\"><\/div><\/div><\/div><\/div><\/div>\n<p>[\/et_pb_text][\/et_pb_column][\/et_pb_row][\/et_pb_section][et_pb_section fb_built=\u201c1\u201d admin_label=\u201cKontaktieren Sie uns\u201d _builder_version=\u201c4.16\u201d _module_preset=\u201cdefault\u201d background_color=\u201c#1a3f69\u201d custom_margin=\u201d||||false|false\u201d custom_padding=\u201d||||false|false\u201d locked=\u201coff\u201d global_colors_info=\u201d{}\u201d][et_pb_row column_structure=\u201c1_5,3_5,1_5\u201d use_custom_gutter=\u201con\u201d _builder_version=\u201c4.16\u201d _module_preset=\u201cdefault\u201d width=\u201c100%\u201d global_colors_info=\u201d{}\u201d][et_pb_column type=\u201c1_5\u201d _builder_version=\u201c4.16\u201d _module_preset=\u201cdefault\u201d global_colors_info=\u201d{}\u201d][\/et_pb_column][et_pb_column type=\u201c3_5\u201d _builder_version=\u201c4.16\u201d _module_preset=\u201cdefault\u201d global_colors_info=\u201d{}\u201d][et_pb_text _builder_version=\u201c4.16\u201d _module_preset=\u201cdefault\u201d header_3_font=\u201cMontserrat||||||||\u201d header_3_text_color=\u201d#ffffff\u201d header_3_font_size=\u201c26px\u201d header_3_line_height=\u201c1.2em\u201d text_orientation=\u201ccenter\u201d global_colors_info=\u201d{}\u201d]<\/p>\n<h3>Contactez-nous<br>pour une demande sans engagement<\/h3>\n<p>[\/et_pb_text][et_pb_button button_url=\u201cmailto:service@berlin-communication.de\u201d button_text=\u201c\u00c9crire un e\u2011mail\u201d button_alignment=\u201ccenter\u201d _builder_version=\u201c4.16\u201d _module_preset=\u201cdefault\u201d custom_button=\u201con\u201d button_text_size=\u201c15px\u201d button_text_color=\u201d#ffffff\u201d button_border_width=\u201c1px\u201d button_border_color=\u201d#ffffff\u201d button_border_radius=\u201c0px\u201d button_font=\u201cMontserrat|300|||||||\u201d button_use_icon=\u201coff\u201d custom_margin=\u201d||||false|false\u201d custom_padding=\u201c4px||||false|false\u201d global_colors_info=\u201d{}\u201d][\/et_pb_button][\/et_pb_column][et_pb_column type=\u201c1_5\u201d _builder_version=\u201c4.16\u201d _module_preset=\u201cdefault\u201d global_colors_info=\u201d{}\u201d][\/et_pb_column][\/et_pb_row][\/et_pb_section][et_pb_section fb_built=\u201c1\u201d disabled_on=\u201con|on|off\u201d admin_label=\u201cFooter\u201d _builder_version=\u201c4.16\u201d _module_preset=\u201cdefault\u201d background_color=\u201c#282828\u201d locked=\u201coff\u201d global_colors_info=\u201d{}\u201d][et_pb_row column_structure=\u201c1_4,1_4,1_4,1_4\u201d use_custom_gutter=\u201con\u201d _builder_version=\u201c4.16\u201d _module_preset=\u201cdefault\u201d width=\u201c100%\u201d global_colors_info=\u201d{}\u201d][et_pb_column type=\u201c1_4\u201d _builder_version=\u201c4.16\u201d _module_preset=\u201cdefault\u201d global_colors_info=\u201d{}\u201d][et_pb_image src=\u201chttps:\/\/www.berlin-communication.de\/wp-content\/uploads\/2020\/09\/berlin-communication_logo_neg.png\u201d title_text=\u201cberlin-communication_logo_neg\u201d _builder_version=\u201c4.16\u201d _module_preset=\u201cdefault\u201d width=\u201c100%\u201d module_alignment=\u201ccenter\u201d global_colors_info=\u201d{}\u201d][\/et_pb_image][\/et_pb_column][et_pb_column type=\u201c1_4\u201d _builder_version=\u201c4.16\u201d _module_preset=\u201cdefault\u201d global_colors_info=\u201d{}\u201d][et_pb_text _builder_version=\u201c4.16\u201d _module_preset=\u201cdefault\u201d text_font=\u201cRoboto|300|||||||\u201d text_text_color=\u201d#ffffff\u201d link_text_color=\u201d#ffffff\u201d global_colors_info=\u201d{}\u201d]<\/p>\n<p class=\"p1\"><a href=\"https:\/\/www.berlin-communication.de\/fr\/interpretation-simultanee\/\">Simultandolmetschen<br><\/a><a href=\"https:\/\/www.berlin-communication.de\/fr\/interpretation-chuchotee-chuchotage\/\">Interpr\u00e9tation chu\u00adcho\u00adt\u00e9e<\/a><br><a href=\"remote-interpreting-ri-fern-dolmetschen\"><span class=\"s1\">Interpr\u00e9tation simul\u00adta\u00adn\u00e9e \u00e0 distance<\/span><\/a><span class=\"s1\"><br><\/span><\/p>\n<p>[\/et_pb_text][\/et_pb_column][et_pb_column type=\u201c1_4\u201d _builder_version=\u201c4.16\u201d _module_preset=\u201cdefault\u201d global_colors_info=\u201d{}\u201d][et_pb_text _builder_version=\u201c4.16\u201d _module_preset=\u201cdefault\u201d text_font=\u201cRoboto|300|||||||\u201d text_text_color=\u201d#ffffff\u201d link_text_color=\u201d#ffffff\u201d global_colors_info=\u201d{}\u201d]<\/p>\n<p class=\"p1\"><span class=\"s1\"><a href=\"https:\/\/www.berlin-communication.de\/fr\/interpretation-consecutive\/\">Interpr\u00e9tation con\u00ads\u00e9\u00adcu\u00adti\u00adve<br><\/a><a href=\"https:\/\/www.berlin-communication.de\/fr\/conseils-et-organisation-en-matiere-de-technique\/\">Conseil et orga\u00adni\u00adsa\u00adti\u00adon tech\u00adni\u00adque<\/a><br> <\/span><span class=\"s1\"><a href=\"https:\/\/www.berlin-communication.de\/fr\/traductions\/\">Traductions<\/a><span class=\"Apple-tab-span\"> <\/span><\/span><\/p>\n<p>[\/et_pb_text][\/et_pb_column][et_pb_column type=\u201c1_4\u201d _builder_version=\u201c4.16\u201d _module_preset=\u201cdefault\u201d global_colors_info=\u201d{}\u201d][et_pb_text _builder_version=\u201c4.16\u201d _module_preset=\u201cdefault\u201d text_font=\u201cRoboto|300|||||||\u201d text_text_color=\u201d#ffffff\u201d link_text_color=\u201d#ffffff\u201d global_colors_info=\u201d{}\u201d]<\/p>\n<p class=\"p1\"><a href=\"mailto:service@berlin-communication.de\">service@berlin-communication.de<br><\/a><a href=\"https:\/\/www.berlin-communication.de\/fr\/mentions-legales\/\">Mentions l\u00e9ga\u00adles<\/a><a href=\"mailto:service@berlin-communication.de\"> <br><\/a><a href=\"https:\/\/www.berlin-communication.de\/fr\/protection-des-donnees\/\">Protection des donn\u00e9es<\/a><a href=\"mailto:service@berlin-communication.de\"><\/a><\/p>\n<p>[\/et_pb_text][\/et_pb_column][\/et_pb_row][\/et_pb_section][et_pb_section fb_built=\u201c1\u201d disabled_on=\u201con|off|on\u201d admin_label=\u201cFooter Tablet\u201d _builder_version=\u201c4.16\u201d _module_preset=\u201cdefault\u201d background_color=\u201c#282828\u201d locked=\u201coff\u201d global_colors_info=\u201d{}\u201d][et_pb_row column_structure=\u201c1_3,1_3,1_3\u201d _builder_version=\u201c4.16\u201d _module_preset=\u201cdefault\u201d global_colors_info=\u201d{}\u201d][et_pb_column type=\u201c1_3\u201d _builder_version=\u201c4.16\u201d _module_preset=\u201cdefault\u201d global_colors_info=\u201d{}\u201d][\/et_pb_column][et_pb_column type=\u201c1_3\u201d _builder_version=\u201c4.16\u201d _module_preset=\u201cdefault\u201d global_colors_info=\u201d{}\u201d][et_pb_image src=\u201chttps:\/\/www.berlin-communication.de\/wp-content\/uploads\/2020\/09\/berlin-communication_logo_neg.png\u201d title_text=\u201cberlin-communication_logo_neg\u201d _builder_version=\u201c4.16\u201d _module_preset=\u201cdefault\u201d width=\u201c40%\u201d module_alignment=\u201ccenter\u201d custom_margin=\u201d-60px||-60px||false|false\u201d global_colors_info=\u201d{}\u201d][\/et_pb_image][\/et_pb_column][et_pb_column type=\u201c1_3\u201d _builder_version=\u201c4.16\u201d _module_preset=\u201cdefault\u201d global_colors_info=\u201d{}\u201d][\/et_pb_column][\/et_pb_row][et_pb_row column_structure=\u201c1_6,1_6,1_6,1_6,1_6,1_6\u201d _builder_version=\u201c4.16\u201d _module_preset=\u201cdefault\u201d custom_margin=\u201d||-60px||false|false\u201d global_colors_info=\u201d{}\u201d][et_pb_column type=\u201c1_6\u201d _builder_version=\u201c4.16\u201d _module_preset=\u201cdefault\u201d global_colors_info=\u201d{}\u201d][et_pb_text _builder_version=\u201c4.16\u201d _module_preset=\u201cdefault\u201d text_font=\u201cRoboto|300|||||||\u201d text_text_color=\u201d#ffffff\u201d link_text_color=\u201d#ffffff\u201d global_colors_info=\u201d{}\u201d]<\/p>\n<p class=\"p1\"><a href=\"https:\/\/www.berlin-communication.de\/fr\/interpretation-simultanee\/\">Simultandolmetschen<br><\/a><a href=\"https:\/\/www.berlin-communication.de\/fr\/interpretation-chuchotee-chuchotage\/\">Interpr\u00e9tation chu\u00adcho\u00adt\u00e9e<\/a><br><a href=\"remote-interpreting-ri-fern-dolmetschen\"><span class=\"s1\">Interpr\u00e9tation simul\u00adta\u00adn\u00e9e \u00e0 distance<\/span><\/a><span class=\"s1\"><br><\/span><\/p>\n<p>[\/et_pb_text][\/et_pb_column][et_pb_column type=\u201c1_6\u201d _builder_version=\u201c4.16\u201d _module_preset=\u201cdefault\u201d global_colors_info=\u201d{}\u201d][et_pb_text _builder_version=\u201c4.16\u201d _module_preset=\u201cdefault\u201d text_font=\u201cRoboto|300|||||||\u201d text_text_color=\u201d#ffffff\u201d link_text_color=\u201d#ffffff\u201d global_colors_info=\u201d{}\u201d]<\/p>\n<p class=\"p1\"><span class=\"s1\"><a href=\"https:\/\/www.berlin-communication.de\/fr\/interpretation-consecutive\/\">Interpr\u00e9tation con\u00ads\u00e9\u00adcu\u00adti\u00adve<br><\/a><a href=\"https:\/\/www.berlin-communication.de\/fr\/conseils-et-organisation-en-matiere-de-technique\/\">Conseil et orga\u00adni\u00adsa\u00adti\u00adon tech\u00adni\u00adque<\/a><br> <\/span><span class=\"s1\"><a href=\"https:\/\/www.berlin-communication.de\/fr\/traductions\/\">Traductions<\/a><span class=\"Apple-tab-span\"> <\/span><\/span><\/p>\n<p>[\/et_pb_text][\/et_pb_column][et_pb_column type=\u201c1_6\u201d _builder_version=\u201c4.16\u201d _module_preset=\u201cdefault\u201d global_colors_info=\u201d{}\u201d][et_pb_text _builder_version=\u201c4.16\u201d _module_preset=\u201cdefault\u201d text_font=\u201cRoboto|300|||||||\u201d text_text_color=\u201d#ffffff\u201d link_text_color=\u201d#ffffff\u201d global_colors_info=\u201d{}\u201d]<\/p>\n<p class=\"p1\"><a href=\"mailto:service@berlin-communication.de\">service@berlin-communication.de<br><\/a><a href=\"https:\/\/www.berlin-communication.de\/fr\/mentions-legales\/\">Mentions l\u00e9ga\u00adles<\/a><a href=\"mailto:service@berlin-communication.de\"> <br><\/a><a href=\"https:\/\/www.berlin-communication.de\/fr\/protection-des-donnees\/\">Protection des donn\u00e9es<\/a><a href=\"mailto:service@berlin-communication.de\"><\/a><\/p>\n<p>[\/et_pb_text][\/et_pb_column][et_pb_column type=\u201c1_6\u201d _builder_version=\u201c4.16\u201d _module_preset=\u201cdefault\u201d global_colors_info=\u201d{}\u201d][\/et_pb_column][et_pb_column type=\u201c1_6\u201d _builder_version=\u201c4.16\u201d _module_preset=\u201cdefault\u201d global_colors_info=\u201d{}\u201d][\/et_pb_column][et_pb_column type=\u201c1_6\u201d _builder_version=\u201c4.16\u201d _module_preset=\u201cdefault\u201d global_colors_info=\u201d{}\u201d][\/et_pb_column][\/et_pb_row][\/et_pb_section][et_pb_section fb_built=\u201c1\u201d disabled_on=\u201coff|on|on\u201d admin_label=\u201cFooter mobil\u201d _builder_version=\u201c4.16\u201d _module_preset=\u201cdefault\u201d background_color=\u201c#282828\u201d locked=\u201coff\u201d global_colors_info=\u201d{}\u201d][et_pb_row _builder_version=\u201c4.16\u201d _module_preset=\u201cdefault\u201d global_colors_info=\u201d{}\u201d][et_pb_column type=\u201c4_4\u201d _builder_version=\u201c4.16\u201d _module_preset=\u201cdefault\u201d global_colors_info=\u201d{}\u201d][et_pb_image src=\u201chttps:\/\/www.berlin-communication.de\/wp-content\/uploads\/2020\/09\/berlin-communication_logo_neg.png\u201d title_text=\u201cberlin-communication_logo_neg\u201d _builder_version=\u201c4.16\u201d _module_preset=\u201cdefault\u201d width=\u201c70%\u201d module_alignment=\u201ccenter\u201d custom_margin=\u201d-40px||-40px||false|false\u201d custom_padding=\u201c0px||0px||false|false\u201d global_colors_info=\u201d{}\u201d][\/et_pb_image][\/et_pb_column][\/et_pb_row][et_pb_row column_structure=\u201c1_5,3_5,1_5\u201d _builder_version=\u201c4.16\u201d _module_preset=\u201cdefault\u201d custom_padding=\u201d||0px||false|false\u201d global_colors_info=\u201d{}\u201d][et_pb_column type=\u201c1_5\u201d _builder_version=\u201c4.16\u201d _module_preset=\u201cdefault\u201d global_colors_info=\u201d{}\u201d][\/et_pb_column][et_pb_column type=\u201c3_5\u201d _builder_version=\u201c4.16\u201d _module_preset=\u201cdefault\u201d global_colors_info=\u201d{}\u201d][et_pb_text _builder_version=\u201c4.16\u201d _module_preset=\u201cdefault\u201d text_font=\u201cRoboto|300|||||||\u201d text_text_color=\u201d#ffffff\u201d link_text_color=\u201d#ffffff\u201d text_orientation=\u201ccenter\u201d global_colors_info=\u201d{}\u201d]<\/p>\n<p class=\"p1\"><a href=\"https:\/\/www.berlin-communication.de\/fr\/interpretation-simultanee\/\">Interpr\u00e9tation simul\u00adta\u00adn\u00e9e<br><\/a><a href=\"https:\/\/www.berlin-communication.de\/fr\/interpretation-chuchotee-chuchotage\/\">Interpr\u00e9tation chu\u00adcho\u00adt\u00e9e<br><\/a><a href=\"remote-interpreting-ri-fern-dolmetschen\"><span class=\"s1\">Interpr\u00e9tation simul\u00adta\u00adn\u00e9e \u00e0 distance<br><\/span><\/a><span class=\"s1\"><a href=\"https:\/\/www.berlin-communication.de\/fr\/interpretation-consecutive\/\">Interpr\u00e9tation con\u00ads\u00e9\u00adcu\u00adti\u00adve<br><\/a><a href=\"https:\/\/www.berlin-communication.de\/fr\/conseils-et-organisation-en-matiere-de-technique\/\">Conseil et orga\u00adni\u00adsa\u00adti\u00adon tech\u00adni\u00adques<br><\/a><a href=\"https:\/\/www.berlin-communication.de\/fr\/traductions\/\">Traductions<\/a><\/span><\/p>\n<p>[\/et_pb_text][et_pb_text _builder_version=\u201c4.16\u201d _module_preset=\u201cdefault\u201d text_font=\u201cRoboto|300|||||||\u201d text_text_color=\u201d#ffffff\u201d link_text_color=\u201d#ffffff\u201d text_orientation=\u201ccenter\u201d custom_margin=\u201d||-40px||false|false\u201d global_colors_info=\u201d{}\u201d]<\/p>\n<p class=\"p1\"><a href=\"mailto:service@berlin-communication.de\">service@berlin-communication.de<br><\/a><a href=\"https:\/\/www.berlin-communication.de\/fr\/mentions-legales\/\">Mentions l\u00e9ga\u00adles<\/a> | <a href=\"https:\/\/www.berlin-communication.de\/fr\/protection-des-donnees\/\">Protection des donn\u00e9es<\/a><\/p>\n<p>[\/et_pb_text][\/et_pb_column][et_pb_column type=\u201c1_5\u201d _builder_version=\u201c4.16\u201d _module_preset=\u201cdefault\u201d global_colors_info=\u201d{}\u201d][\/et_pb_column][\/et_pb_row][\/et_pb_section]<\/p>","protected":false},"excerpt":{"rendered":"<p>Avis de cli\u00adents Voici ce que disent les cli\u00adentes et cli\u00adents \u00e0 not\u00adre&nbsp;sujet:&nbsp;<\/p><div class=\"strong-view strong-view-id-2 default wpmtst-default no-quotes rezensionen\" data-count=\"6\" data-state=\"idle\"><div class=\"strong-content strong-masonry columns-3\"><div class=\"wpmtst-testimonial testimonial post-1784\"><div class=\"wpmtst-testimonial-inner testimonial-inner\"><h3 class=\"wpmtst-testimonial-heading testimonial-heading\">Des interpr\u00e8tes tout \u00e0 fait exceptionnelles&nbsp;!<\/h3><div class=\"wpmtst-testimonial-content testimonial-content\"><div class=\"maybe-clear\"><\/div><p>Des inter\u00adpr\u00e8\u00adtes tout \u00e0 fait excep\u00adti\u00adon\u00adnel\u00adles ! La com\u00admu\u00adni\u00adca\u00adti\u00adon en amont a \u00e9t\u00e9 rapi\u00adde et simp\u00adle et leur pre\u00adsta\u00adti\u00adon lors de l\u2019\u00e9\u00adv\u00e9\u00adne\u00adment a \u00e9t\u00e9 excellente.<\/p><p> C\u2019est avec grand plai\u00adsir que nous ferons de nou\u00adveau appel \u00e0 leurs ser\u00advices. Merci.<\/p><\/div><div class=\"wpmtst-testimonial-field testimonial-field testimonial-date\">mars 2025<\/div><div class=\"wpmtst-testimonial-field testimonial-field testimonial-name\">Sven L\u00fcsebrink<\/div><div class=\"clear\"><\/div><\/div><\/div><div class=\"wpmtst-testimonial testimonial post-1780\"><div class=\"wpmtst-testimonial-inner testimonial-inner\"><h3 class=\"wpmtst-testimonial-heading testimonial-heading\">Maike Grabowski et son \u00e9quipe se distinguent par leur professionnalisme, leur pr\u00e9cision et leur fiabilit\u00e9.<\/h3><div class=\"wpmtst-testimonial-content testimonial-content\"><div class=\"maybe-clear\"><\/div><p>Depuis de nombreu\u00adses ann\u00e9es d\u00e9j\u00e0, not\u00adre col\u00adla\u00adbo\u00adra\u00adti\u00adon avec ber\u00adlin-com\u00admu\u00adni\u00adca\u00adti\u00adon est cou\u00adron\u00adn\u00e9e de suc\u00adc\u00e8s. Maike Grabowski et son \u00e9qui\u00adpe se distin\u00adguent par leur pro\u00adfes\u00adsi\u00adon\u00adna\u00adlis\u00adme, leur pr\u00e9\u00adcis\u00adi\u00adon et leur fia\u00adbi\u00adli\u00adt\u00e9, qui ont lar\u00adge\u00adment con\u00adtri\u00adbu\u00e9 au suc\u00adc\u00e8s de nos \u00e9v\u00e9\u00adne\u00adments annuels.<br>\nLeur capa\u00adci\u00adt\u00e9 \u00e0 s\u2019adapter \u00e0 des sujets com\u00adple\u00adxes et \u00e0 inter\u00adpr\u00e9\u00adter avec pr\u00e9\u00adcis\u00adi\u00adon en temps r\u00e9el est par\u00adti\u00adcu\u00adli\u00e8\u00adre\u00adment impres\u00adsi\u00adon\u00adnan\u00adte. Nous appr\u00e9\u00adci\u00adons \u00e9ga\u00adle\u00adment l\u2019attitude ami\u00adcale et pro\u00adfes\u00adsi\u00adon\u00adnel\u00adle de l\u2019\u00e9quipe.<br>\nNous som\u00admes impa\u00adti\u00adents de pour\u00adsuiv\u00adre not\u00adre fruc\u00adtueu\u00adse col\u00adla\u00adbo\u00adra\u00adti\u00adon dans les ann\u00e9es \u00e0&nbsp;venir.<\/p><\/div><div class=\"wpmtst-testimonial-field testimonial-field testimonial-date\">jan\u00advier&nbsp;2025<\/div><div class=\"wpmtst-testimonial-field testimonial-field testimonial-name\">\u2013  capi\u00adton&nbsp;AG&nbsp;\u2013<\/div><div class=\"clear\"><\/div><\/div><\/div><div class=\"wpmtst-testimonial testimonial post-1779\"><div class=\"wpmtst-testimonial-inner testimonial-inner\"><h3 class=\"wpmtst-testimonial-heading testimonial-heading\">Nos clients et nous-m\u00eames sommes toujours impressionn\u00e9s par le professionnalisme des interpr\u00e8tes de berlin-communication<\/h3><div class=\"wpmtst-testimonial-content testimonial-content\"><div class=\"maybe-clear\"><\/div><p>Nos cli\u00adents et nous-m\u00eames som\u00admes tou\u00adjours impres\u00adsi\u00adonn\u00e9s par le pro\u00adfes\u00adsi\u00adon\u00adna\u00adlis\u00adme des inter\u00adpr\u00e8\u00adtes de ber\u00adlin-com\u00admu\u00adni\u00adca\u00adti\u00adon. Le jar\u00adgon m\u00e9di\u00adcal est non seu\u00adle\u00adment inter\u00adpr\u00e9\u00adt\u00e9 cor\u00adrec\u00adte\u00adment, mais aus\u00adsi sou\u00advent expli\u00adqu\u00e9 de mani\u00e8\u00adre \u00e0 \u00eatre faci\u00adle\u00adment com\u00adpr\u00e9\u00adhen\u00adsi\u00adble pour l\u2019auditeur. Les inter\u00adpr\u00e8\u00adtes font preuve d\u2019une pro\u00adfon\u00adde com\u00adpr\u00e9\u00adhen\u00adsi\u00adon des d\u00e9fis sp\u00e9\u00adci\u00adfi\u00adques de la com\u00admu\u00adni\u00adca\u00adti\u00adon m\u00e9di\u00adcale et con\u00adtri\u00adbuent avec com\u00adp\u00e9\u00adtence \u00e0 rend\u00adre com\u00adpr\u00e9\u00adhen\u00adsi\u00adbles les inter\u00adviews men\u00e9es, dans le sens des objec\u00adtifs de l\u2019\u00e9tude. De plus, elles font preuve d\u2019une gran\u00adde empa\u00adthie et d\u2019une gran\u00adde sen\u00adsi\u00adbi\u00adli\u00adt\u00e9 cul\u00adtu\u00adrel\u00adle, faci\u00adli\u00adtant con\u00adsid\u00e9\u00adra\u00adblem\u00adent la tra\u00adduc\u00adtion de la com\u00admu\u00adni\u00adca\u00adti\u00adon ent\u00adre le m\u00e9de\u00adcin, le pati\u00adent et la per\u00adson\u00adne qui m\u00e8ne les interviews.<br>\nLa col\u00adla\u00adbo\u00adra\u00adti\u00adon avec Maike Grabowski et les aut\u00adres inter\u00adpr\u00e8\u00adtes est simp\u00adle et effi\u00adcace, ce qui rend l\u2019exp\u00e9rience avec ber\u00adlin-com\u00admu\u00adni\u00adca\u00adti\u00adon tout \u00e0 fait positive&nbsp;!<\/p><\/div><div class=\"wpmtst-testimonial-field testimonial-field testimonial-date\">jan\u00advier&nbsp;2025<\/div><div class=\"wpmtst-testimonial-field testimonial-field testimonial-name\">Werner Palancares<\/div><div class=\"wpmtst-testimonial-field testimonial-field testimonial-company\">\u2013 ZR Germany&nbsp;\u2013<\/div><div class=\"clear\"><\/div><\/div><\/div><div class=\"wpmtst-testimonial testimonial post-1778\"><div class=\"wpmtst-testimonial-inner testimonial-inner\"><h3 class=\"wpmtst-testimonial-heading testimonial-heading\">Tr\u00e8s aimables et serviables dans la communication et la planification de l\u2019\u00e9v\u00e9nement et tout aussi professionnelles lors de l\u2019interpr\u00e9tation<\/h3><div class=\"wpmtst-testimonial-content testimonial-content\"><div class=\"maybe-clear\"><\/div><p>Tr\u00e8s aim\u00ada\u00adbles et ser\u00advia\u00adbles dans la com\u00admu\u00adni\u00adca\u00adti\u00adon et la pla\u00adni\u00adfi\u00adca\u00adti\u00adon de l\u2019\u00e9v\u00e9nement et tout aus\u00adsi pro\u00adfes\u00adsi\u00adon\u00adnel\u00adles lors de l\u2019interpr\u00e9tation. Nous nous ferons un plai\u00adsir de refai\u00adre appel \u00e0 leurs services.<\/p><p>Positif :<br>\nR\u00e9activit\u00e9, qua\u00adli\u00adt\u00e9, pro\u00adfes\u00adsi\u00adon\u00adna\u00adlis\u00adme, valeur<\/p><\/div><div class=\"wpmtst-testimonial-field testimonial-field testimonial-date\">jan\u00advier&nbsp;2025<\/div><div class=\"wpmtst-testimonial-field testimonial-field testimonial-name\">Martin Hoeck<\/div><div class=\"clear\"><\/div><\/div><\/div><div class=\"wpmtst-testimonial testimonial post-1777\"><div class=\"wpmtst-testimonial-inner testimonial-inner\"><h3 class=\"wpmtst-testimonial-heading testimonial-heading\">Collaborer avec ces personnes formidables en vaut la chandelle<\/h3><div class=\"wpmtst-testimonial-content testimonial-content\"><div class=\"maybe-clear\"><\/div><p>Cela fait main\u00adten\u00adant plus de 10 ans que je col\u00adla\u00adbo\u00adre avec Maike et l\u2019\u00e9quipe de ber\u00adlin-com\u00admu\u00adni\u00adca\u00adti\u00adon et je peux dire en tou\u00adte sin\u00adc\u00e9\u00adri\u00adt\u00e9 qu\u2019elles sont deve\u00adnues un atout majeur pour not\u00adre ent\u00adre\u00adpri\u00adse. Non seu\u00adle\u00adment elles ont tou\u00adjours four\u00adni des inter\u00adpr\u00e9\u00adta\u00adti\u00adons de la plus hau\u00adte qua\u00adli\u00adt\u00e9, mais elles gar\u00addent le sang fro\u00adid lors\u00adque nous leur fai\u00adsons tou\u00adtes sor\u00adtes de sur\u00adpri\u00adses : r\u00e9ser\u00adva\u00adtions spon\u00adta\u00adn\u00e9es \u00e0 la der\u00adni\u00e8\u00adre minu\u00adte, longues jour\u00adn\u00e9es et th\u00e8\u00admes peu clairs, elles savent com\u00adment tout g\u00e9rer avec brio. Collaborer avec ces per\u00adson\u00adnes for\u00admi\u00adda\u00adbles en vaut la chandelle.<\/p><\/div><div class=\"wpmtst-testimonial-field testimonial-field testimonial-date\">jan\u00advier&nbsp;2025<\/div><div class=\"wpmtst-testimonial-field testimonial-field testimonial-name\">Marcus Derham<\/div><div class=\"clear\"><\/div><\/div><\/div><div class=\"wpmtst-testimonial testimonial post-1775\"><div class=\"wpmtst-testimonial-inner testimonial-inner\"><h3 class=\"wpmtst-testimonial-heading testimonial-heading\">Nous sommes tr\u00e8s reconnaissants envers nos partenaires de berlin-communication.<\/h3><div class=\"wpmtst-testimonial-content testimonial-content\"><div class=\"maybe-clear\"><\/div><p>Nous som\u00admes tr\u00e8s recon\u00adnais\u00adsants envers nos par\u00adten\u00adaires de ber\u00adlin-com\u00admu\u00adni\u00adca\u00adti\u00adon, qui four\u00adnis\u00adsent des ser\u00advices d\u2019interpr\u00e9tation pen\u00addant nos con\u00adf\u00e9\u00adren\u00adces et r\u00e9uni\u00adons de grou\u00adpe. Leur pro\u00adfes\u00adsi\u00adon\u00adna\u00adlis\u00adme, leur exper\u00adti\u00adse et leur sou\u00adci du d\u00e9tail ont con\u00adsid\u00e9\u00adra\u00adblem\u00adent am\u00e9\u00adlio\u00adr\u00e9 la com\u00admu\u00adni\u00adca\u00adti\u00adon et la com\u00adpr\u00e9\u00adhen\u00adsi\u00adon ent\u00adre tous les participants.<\/p><p>Non seu\u00adle\u00adment elles ma\u00ee\u00adtri\u00adsent leur m\u00e9tier, mais elles sont \u00e9ga\u00adle\u00adment tr\u00e8s aim\u00ada\u00adbles et ser\u00advia\u00adbles, par ail\u00adleurs elles n\u2019h\u00e9sitent pas \u00e0 fai\u00adre des efforts sup\u00adp\u00adl\u00e9\u00admen\u00adtai\u00adres pour garan\u00adtir le bon d\u00e9rou\u00adle\u00adment de l\u2019\u00e9v\u00e9nement. Leur atti\u00adtu\u00adde posi\u00adti\u00adve et leur enga\u00adge\u00adment font que c\u2019est un plai\u00adsir de tra\u00advail\u00adler avec&nbsp;elles.<\/p><p>Merci de fai\u00adre par\u00adtie int\u00e9\u00adgran\u00adte de nos \u00e9v\u00e9\u00adne\u00adments et de veil\u00adler \u00e0 ce que chaque inter\u00adac\u00adtion se d\u00e9roule de mani\u00e8\u00adre flui\u00adde et agr\u00e9able&nbsp;!<\/p><\/div><div class=\"wpmtst-testimonial-field testimonial-field testimonial-date\">jan\u00advier&nbsp;2025<\/div><div class=\"wpmtst-testimonial-field testimonial-field testimonial-name\">\u2013 Aurora Commercial&nbsp;\u2013<\/div><div class=\"clear\"><\/div><\/div><\/div><\/div><\/div>Contactez-nous\u00adpour une deman\u00adde sans engagementSimultandolmetschenInterpr\u00e9tation chuchot\u00e9eInterpr\u00e9tation simul\u00adta\u00adn\u00e9e \u00e0 distanceInterpr\u00e9tation cons\u00e9cutiveConseil et orga\u00adni\u00adsa\u00adti\u00adon tech\u00adni\u00adque Traductions service@berlin-communication.deMentions l\u00e9ga\u00adles Protection des donn\u00e9esSimultandolmetschenInterpr\u00e9tation chuchot\u00e9eInterpr\u00e9tation simul\u00adta\u00adn\u00e9e \u00e0 distanceInterpr\u00e9tation cons\u00e9cutiveConseil et orga\u00adni\u00adsa\u00adti\u00adon tech\u00adni\u00adque Traductions service@berlin-communication.deMentions l\u00e9ga\u00adles Protection des donn\u00e9esInterpr\u00e9tation simultan\u00e9eInterpr\u00e9tation chuchot\u00e9eInterpr\u00e9tation simul\u00adta\u00adn\u00e9e \u00e0 distanceInterpr\u00e9tation cons\u00e9cutiveConseil et&nbsp;[\u2026]","protected":false},"author":1,"featured_media":0,"parent":0,"menu_order":0,"comment_status":"closed","ping_status":"closed","template":"","meta":{"_et_pb_use_builder":"on","_et_pb_old_content":"","_et_gb_content_width":"","wp_typography_post_enhancements_disabled":false,"footnotes":""},"class_list":["post-1689","page","type-page","status-publish","hentry"],"yoast_head":"<!-- This site is optimized with the Yoast SEO plugin v27.5 - https:\/\/yoast.com\/product\/yoast-seo-wordpress\/ -->\n<title>Des dizaines d&#039;ann\u00e9es d&#039;exp\u00e9rience dans le domaine de l&#039;interpr\u00e9tation et de la traduction<\/title>\n<meta name=\"description\" content=\"Nous avons travaill\u00e9 jusqu\u2019\u00e0 pr\u00e9sent pourles clients suivants : Politique &amp; droit, \u00c9conomie, Sciences, m\u00e9dias &amp; culture, Sant\u00e9 &amp; affaires sociales.\" \/>\n<meta name=\"robots\" content=\"index, follow, max-snippet:-1, max-image-preview:large, max-video-preview:-1\" \/>\n<link rel=\"canonical\" href=\"https:\/\/www.berlin-communication.de\/fr\/avis-de-clients\/\" \/>\n<meta property=\"og:locale\" content=\"fr_FR\" \/>\n<meta property=\"og:type\" content=\"article\" \/>\n<meta property=\"og:title\" content=\"Des dizaines d&#039;ann\u00e9es d&#039;exp\u00e9rience dans le domaine de l&#039;interpr\u00e9tation et de la traduction\" \/>\n<meta property=\"og:description\" content=\"Nous avons travaill\u00e9 jusqu\u2019\u00e0 pr\u00e9sent pourles clients suivants : Politique &amp; droit, \u00c9conomie, Sciences, m\u00e9dias &amp; culture, Sant\u00e9 &amp; affaires sociales.\" \/>\n<meta property=\"og:url\" content=\"https:\/\/www.berlin-communication.de\/fr\/avis-de-clients\/\" \/>\n<meta property=\"og:site_name\" content=\"berlin-communication\" \/>\n<meta property=\"article:modified_time\" content=\"2025-04-18T08:16:30+00:00\" \/>\n<meta name=\"twitter:card\" content=\"summary_large_image\" \/>\n<meta name=\"twitter:label1\" content=\"Dur\u00e9e de lecture estim\u00e9e\" \/>\n\t<meta name=\"twitter:data1\" content=\"5 minutes\" \/>\n<script type=\"application\/ld+json\" class=\"yoast-schema-graph\">{\"@context\":\"https:\\\/\\\/schema.org\",\"@graph\":[{\"@type\":\"WebPage\",\"@id\":\"https:\\\/\\\/www.berlin-communication.de\\\/fr\\\/avis-de-clients\\\/\",\"url\":\"https:\\\/\\\/www.berlin-communication.de\\\/fr\\\/avis-de-clients\\\/\",\"name\":\"Des dizaines d'ann\u00e9es d'exp\u00e9rience dans le domaine de l'interpr\u00e9tation et de la traduction\",\"isPartOf\":{\"@id\":\"https:\\\/\\\/www.berlin-communication.de\\\/fr\\\/#website\"},\"datePublished\":\"2025-04-18T08:16:25+00:00\",\"dateModified\":\"2025-04-18T08:16:30+00:00\",\"description\":\"Nous avons travaill\u00e9 jusqu\u2019\u00e0 pr\u00e9sent pourles clients suivants : Politique & droit, \u00c9conomie, Sciences, m\u00e9dias & culture, Sant\u00e9 & affaires sociales.\",\"breadcrumb\":{\"@id\":\"https:\\\/\\\/www.berlin-communication.de\\\/fr\\\/avis-de-clients\\\/#breadcrumb\"},\"inLanguage\":\"fr-FR\",\"potentialAction\":[{\"@type\":\"ReadAction\",\"target\":[\"https:\\\/\\\/www.berlin-communication.de\\\/fr\\\/avis-de-clients\\\/\"]}]},{\"@type\":\"BreadcrumbList\",\"@id\":\"https:\\\/\\\/www.berlin-communication.de\\\/fr\\\/avis-de-clients\\\/#breadcrumb\",\"itemListElement\":[{\"@type\":\"ListItem\",\"position\":1,\"name\":\"Startseite\",\"item\":\"https:\\\/\\\/www.berlin-communication.de\\\/fr\\\/\"},{\"@type\":\"ListItem\",\"position\":2,\"name\":\"Avis de clients\"}]},{\"@type\":\"WebSite\",\"@id\":\"https:\\\/\\\/www.berlin-communication.de\\\/fr\\\/#website\",\"url\":\"https:\\\/\\\/www.berlin-communication.de\\\/fr\\\/\",\"name\":\"berlin-communication\",\"description\":\"Dolmetscher und \u00dcbersetzer in Berlin\",\"publisher\":{\"@id\":\"https:\\\/\\\/www.berlin-communication.de\\\/fr\\\/#organization\"},\"potentialAction\":[{\"@type\":\"SearchAction\",\"target\":{\"@type\":\"EntryPoint\",\"urlTemplate\":\"https:\\\/\\\/www.berlin-communication.de\\\/fr\\\/?s={search_term_string}\"},\"query-input\":{\"@type\":\"PropertyValueSpecification\",\"valueRequired\":true,\"valueName\":\"search_term_string\"}}],\"inLanguage\":\"fr-FR\"},{\"@type\":\"Organization\",\"@id\":\"https:\\\/\\\/www.berlin-communication.de\\\/fr\\\/#organization\",\"name\":\"Berlin Communication\",\"url\":\"https:\\\/\\\/www.berlin-communication.de\\\/fr\\\/\",\"logo\":{\"@type\":\"ImageObject\",\"inLanguage\":\"fr-FR\",\"@id\":\"https:\\\/\\\/www.berlin-communication.de\\\/fr\\\/#\\\/schema\\\/logo\\\/image\\\/\",\"url\":\"https:\\\/\\\/www.berlin-communication.de\\\/wp-content\\\/uploads\\\/2020\\\/09\\\/logo_berlin-communication.png\",\"contentUrl\":\"https:\\\/\\\/www.berlin-communication.de\\\/wp-content\\\/uploads\\\/2020\\\/09\\\/logo_berlin-communication.png\",\"width\":800,\"height\":195,\"caption\":\"Berlin Communication\"},\"image\":{\"@id\":\"https:\\\/\\\/www.berlin-communication.de\\\/fr\\\/#\\\/schema\\\/logo\\\/image\\\/\"}}]}<\/script>\n<!-- \/ Yoast SEO plugin. -->","yoast_head_json":{"title":"Des dizaines d'ann\u00e9es d'exp\u00e9rience dans le domaine de l'interpr\u00e9tation et de la traduction","description":"Nous avons travaill\u00e9 jusqu\u2019\u00e0 pr\u00e9sent pourles clients suivants : Politique & droit, \u00c9conomie, Sciences, m\u00e9dias & culture, Sant\u00e9 & affaires sociales.","robots":{"index":"index","follow":"follow","max-snippet":"max-snippet:-1","max-image-preview":"max-image-preview:large","max-video-preview":"max-video-preview:-1"},"canonical":"https:\/\/www.berlin-communication.de\/fr\/avis-de-clients\/","og_locale":"fr_FR","og_type":"article","og_title":"Des dizaines d'ann\u00e9es d'exp\u00e9rience dans le domaine de l'interpr\u00e9tation et de la traduction","og_description":"Nous avons travaill\u00e9 jusqu\u2019\u00e0 pr\u00e9sent pourles clients suivants : Politique & droit, \u00c9conomie, Sciences, m\u00e9dias & culture, Sant\u00e9 & affaires sociales.","og_url":"https:\/\/www.berlin-communication.de\/fr\/avis-de-clients\/","og_site_name":"berlin-communication","article_modified_time":"2025-04-18T08:16:30+00:00","twitter_card":"summary_large_image","twitter_misc":{"Dur\u00e9e de lecture estim\u00e9e":"5 minutes"},"schema":{"@context":"https:\/\/schema.org","@graph":[{"@type":"WebPage","@id":"https:\/\/www.berlin-communication.de\/fr\/avis-de-clients\/","url":"https:\/\/www.berlin-communication.de\/fr\/avis-de-clients\/","name":"Des dizaines d'ann\u00e9es d'exp\u00e9rience dans le domaine de l'interpr\u00e9tation et de la traduction","isPartOf":{"@id":"https:\/\/www.berlin-communication.de\/fr\/#website"},"datePublished":"2025-04-18T08:16:25+00:00","dateModified":"2025-04-18T08:16:30+00:00","description":"Nous avons travaill\u00e9 jusqu\u2019\u00e0 pr\u00e9sent pourles clients suivants : Politique & droit, \u00c9conomie, Sciences, m\u00e9dias & culture, Sant\u00e9 & affaires sociales.","breadcrumb":{"@id":"https:\/\/www.berlin-communication.de\/fr\/avis-de-clients\/#breadcrumb"},"inLanguage":"fr-FR","potentialAction":[{"@type":"ReadAction","target":["https:\/\/www.berlin-communication.de\/fr\/avis-de-clients\/"]}]},{"@type":"BreadcrumbList","@id":"https:\/\/www.berlin-communication.de\/fr\/avis-de-clients\/#breadcrumb","itemListElement":[{"@type":"ListItem","position":1,"name":"Startseite","item":"https:\/\/www.berlin-communication.de\/fr\/"},{"@type":"ListItem","position":2,"name":"Avis de clients"}]},{"@type":"WebSite","@id":"https:\/\/www.berlin-communication.de\/fr\/#website","url":"https:\/\/www.berlin-communication.de\/fr\/","name":"berlin-communication","description":"Dolmetscher und \u00dcbersetzer in Berlin","publisher":{"@id":"https:\/\/www.berlin-communication.de\/fr\/#organization"},"potentialAction":[{"@type":"SearchAction","target":{"@type":"EntryPoint","urlTemplate":"https:\/\/www.berlin-communication.de\/fr\/?s={search_term_string}"},"query-input":{"@type":"PropertyValueSpecification","valueRequired":true,"valueName":"search_term_string"}}],"inLanguage":"fr-FR"},{"@type":"Organization","@id":"https:\/\/www.berlin-communication.de\/fr\/#organization","name":"Berlin Communication","url":"https:\/\/www.berlin-communication.de\/fr\/","logo":{"@type":"ImageObject","inLanguage":"fr-FR","@id":"https:\/\/www.berlin-communication.de\/fr\/#\/schema\/logo\/image\/","url":"https:\/\/www.berlin-communication.de\/wp-content\/uploads\/2020\/09\/logo_berlin-communication.png","contentUrl":"https:\/\/www.berlin-communication.de\/wp-content\/uploads\/2020\/09\/logo_berlin-communication.png","width":800,"height":195,"caption":"Berlin Communication"},"image":{"@id":"https:\/\/www.berlin-communication.de\/fr\/#\/schema\/logo\/image\/"}}]}},"_links":{"self":[{"href":"https:\/\/www.berlin-communication.de\/fr\/wp-json\/wp\/v2\/pages\/1689","targetHints":{"allow":["GET"]}}],"collection":[{"href":"https:\/\/www.berlin-communication.de\/fr\/wp-json\/wp\/v2\/pages"}],"about":[{"href":"https:\/\/www.berlin-communication.de\/fr\/wp-json\/wp\/v2\/types\/page"}],"author":[{"embeddable":true,"href":"https:\/\/www.berlin-communication.de\/fr\/wp-json\/wp\/v2\/users\/1"}],"replies":[{"embeddable":true,"href":"https:\/\/www.berlin-communication.de\/fr\/wp-json\/wp\/v2\/comments?post=1689"}],"version-history":[{"count":5,"href":"https:\/\/www.berlin-communication.de\/fr\/wp-json\/wp\/v2\/pages\/1689\/revisions"}],"predecessor-version":[{"id":1896,"href":"https:\/\/www.berlin-communication.de\/fr\/wp-json\/wp\/v2\/pages\/1689\/revisions\/1896"}],"wp:attachment":[{"href":"https:\/\/www.berlin-communication.de\/fr\/wp-json\/wp\/v2\/media?parent=1689"}],"curies":[{"name":"wp","href":"https:\/\/api.w.org\/{rel}","templated":true}]}}